{"id":103,"date":"2022-02-07T18:39:24","date_gmt":"2022-02-07T17:39:24","guid":{"rendered":"https:\/\/kimkommt.wordpress.com\/?page_id=103"},"modified":"2022-03-21T20:06:58","modified_gmt":"2022-03-21T20:06:58","slug":"arbeiten-mit-kim","status":"publish","type":"page","link":"https:\/\/kimkommt.de\/en\/arbeiten-mit-kim\/","title":{"rendered":"Work with KIM"},"content":{"rendered":"<p>The KIM mobile enables a whole range of different events in public space with very simple means. Last summer, for example, KIM was not only used for our own salon series \"Understanding Space\", but also lent out for numerous other research and participation formats, lectures and small performances in urban space. Examples include a neighbourhood meeting organised by Kiezconnect e.V. in the Reichenberger Kiez in Kreuzberg with the former district mayor Monika Herrmann, working meetings and a circus performance by the Moos Community in Treptow-K\u00f6penick, a symposium as part of the \"Mobile Dance Hall\" project at the Kreuzberg Refugee Church and an urban research workshop with young choreographers at the Theater Feld for Young Audiences in Sch\u00f6neberg.<\/p>\n\n\n\n<p><\/p>\n\n\n\n<figure class=\"wp-block-image size-large\"><img loading=\"lazy\" decoding=\"async\" width=\"1764\" height=\"1176\" src=\"http:\/\/kimkommt.de\/wp-content\/uploads\/2022\/02\/img_0403.jpg?w=1024\" alt=\"\" class=\"wp-image-109\" srcset=\"https:\/\/kimkommt.de\/wp-content\/uploads\/2022\/02\/img_0403.jpg 1764w, https:\/\/kimkommt.de\/wp-content\/uploads\/2022\/02\/img_0403-300x200.jpg 300w, https:\/\/kimkommt.de\/wp-content\/uploads\/2022\/02\/img_0403-1024x683.jpg 1024w, https:\/\/kimkommt.de\/wp-content\/uploads\/2022\/02\/img_0403-768x512.jpg 768w, https:\/\/kimkommt.de\/wp-content\/uploads\/2022\/02\/img_0403-1536x1024.jpg 1536w\" sizes=\"auto, (max-width: 1764px) 100vw, 1764px\" \/><\/figure>\n\n\n\n<p><\/p>\n\n\n\n<p>The KIM team brings a lot of experience and expertise to the development of city-related events and is always open to new impulses. We are happy to cooperate with you and support you in the creative conception of your workshops, event series and mediation formats. In the field of urban development, we can develop and moderate various working meetings with you, from design sprints to classic participation formats, information events and citizens' meetings, and link and network these into existing partnerships. We can also accompany everything that has to do with movement, dance mediation and live music.<\/p>\n\n\n\n<p><\/p>\n\n\n\n<figure class=\"wp-block-embed is-type-video is-provider-vimeo wp-block-embed-vimeo wp-embed-aspect-1-1 wp-has-aspect-ratio\"><div class=\"wp-block-embed__wrapper\">\n<iframe loading=\"lazy\" title=\"What would YOU do with KIM?\" src=\"https:\/\/player.vimeo.com\/video\/571147315?dnt=1&amp;app_id=122963\" width=\"500\" height=\"500\" frameborder=\"0\" allow=\"autoplay; fullscreen; picture-in-picture; clipboard-write\"><\/iframe>\n<\/div><\/figure>\n\n\n\n<p><\/p>\n\n\n\n<p>But we are just as happy to make our small KulturInstitut available simply as a structure for your content. Just contact us with your ideas!<\/p>\n\n\n\n<div class=\"wp-block-buttons is-content-justification-center is-layout-flex wp-container-core-buttons-is-layout-a89b3969 wp-block-buttons-is-layout-flex\">\n<div class=\"wp-block-button is-style-fill\"><a class=\"wp-block-button__link has-background-color has-text-color has-background\" href=\"mailto:post@kimkommt.de\" style=\"background-color:#07585f\" target=\"_blank\" rel=\"noreferrer noopener\">Inquire now!<\/a><\/div>\n<\/div>\n\n\n\n<p>Depending on the orientation of your event, in addition to the up to 30 seats, there are work boards and moderation cases, speakers and wireless microphones, work tables and awnings. From 2022, there will also be a dedicated Wi-Fi router for live streaming.<\/p>\n\n\n\n<figure class=\"wp-block-image size-large\"><img loading=\"lazy\" decoding=\"async\" width=\"1024\" height=\"768\" src=\"https:\/\/kimkommt.de\/wp-content\/uploads\/2022\/03\/20220318_132449-1024x768.jpg\" alt=\"\" class=\"wp-image-526\" srcset=\"https:\/\/kimkommt.de\/wp-content\/uploads\/2022\/03\/20220318_132449-1024x768.jpg 1024w, https:\/\/kimkommt.de\/wp-content\/uploads\/2022\/03\/20220318_132449-300x225.jpg 300w, https:\/\/kimkommt.de\/wp-content\/uploads\/2022\/03\/20220318_132449-768x576.jpg 768w, https:\/\/kimkommt.de\/wp-content\/uploads\/2022\/03\/20220318_132449-1536x1152.jpg 1536w, https:\/\/kimkommt.de\/wp-content\/uploads\/2022\/03\/20220318_132449-2048x1536.jpg 2048w, https:\/\/kimkommt.de\/wp-content\/uploads\/2022\/03\/20220318_132449-16x12.jpg 16w\" sizes=\"auto, (max-width: 1024px) 100vw, 1024px\" \/><\/figure>\n\n\n\n<p class=\"has-link-color wp-elements-f7b49e55897bb8c512a1e376c576769f\">Here you can find the <a href=\"https:\/\/kimkommt.de\/en\/arbeiten-mit-kim\/vergangene-veranstaltungen\/\">documentation<\/a> of our own events with KIM in 2021. <\/p>","protected":false},"excerpt":{"rendered":"<p>Das KIM Mobil erm\u00f6glicht mit sehr einfachen Mitteln eine ganze Bandbreite unterschiedlicher Veranstaltungen im \u00f6ffentlichen Raum. So wurde KIM im letzten Sommer nicht nur f\u00fcr unsere eigene Salon Reihe \u201eRaumverstehen\u201c genutzt, sondern auch f\u00fcr zahlreiche andere Forschungs- und Beteiligungsformate, Vortr\u00e4ge und kleine Performances im Stadtraum verliehen. Beispiele sind ein von Kiezconnect e.V. organisiertes Nachbarschaftstreffen im [&hellip;]<\/p>","protected":false},"author":2,"featured_media":0,"parent":0,"menu_order":1,"comment_status":"closed","ping_status":"closed","template":"","meta":{"footnotes":""},"class_list":["post-103","page","type-page","status-publish","hentry"],"yoast_head":"<!-- This site is optimized with the Yoast SEO plugin v23.5 - https:\/\/yoast.com\/wordpress\/plugins\/seo\/ -->\n<title>Arbeiten mit KIM | KIM - KulturInstitutMobil<\/title>\n<meta name=\"robots\" content=\"index, follow, max-snippet:-1, max-image-preview:large, max-video-preview:-1\" \/>\n<link rel=\"canonical\" href=\"https:\/\/kimkommt.de\/en\/arbeiten-mit-kim\/\" \/>\n<meta property=\"og:locale\" content=\"en_GB\" \/>\n<meta property=\"og:type\" content=\"article\" \/>\n<meta property=\"og:title\" content=\"Arbeiten mit KIM | KIM - KulturInstitutMobil\" \/>\n<meta property=\"og:description\" content=\"Das KIM Mobil erm\u00f6glicht mit sehr einfachen Mitteln eine ganze Bandbreite unterschiedlicher Veranstaltungen im \u00f6ffentlichen Raum. So wurde KIM im letzten Sommer nicht nur f\u00fcr unsere eigene Salon Reihe \u201eRaumverstehen\u201c genutzt, sondern auch f\u00fcr zahlreiche andere Forschungs- und Beteiligungsformate, Vortr\u00e4ge und kleine Performances im Stadtraum verliehen. Beispiele sind ein von Kiezconnect e.V. organisiertes Nachbarschaftstreffen im [&hellip;]\" \/>\n<meta property=\"og:url\" content=\"https:\/\/kimkommt.de\/en\/arbeiten-mit-kim\/\" \/>\n<meta property=\"og:site_name\" content=\"KIM - KulturInstitutMobil\" \/>\n<meta property=\"article:publisher\" content=\"https:\/\/www.facebook.com\/kulturinstitutmobil\" \/>\n<meta property=\"article:modified_time\" content=\"2022-03-21T20:06:58+00:00\" \/>\n<meta property=\"og:image\" content=\"http:\/\/kimkommt.de\/wp-content\/uploads\/2022\/02\/img_0403.jpg?w=1024\" \/>\n<meta name=\"twitter:card\" content=\"summary_large_image\" \/>\n<meta name=\"twitter:label1\" content=\"Estimated reading time\" \/>\n\t<meta name=\"twitter:data1\" content=\"2 minutes\" \/>\n<script type=\"application\/ld+json\" class=\"yoast-schema-graph\">{\"@context\":\"https:\/\/schema.org\",\"@graph\":[{\"@type\":\"WebPage\",\"@id\":\"https:\/\/kimkommt.de\/arbeiten-mit-kim\/\",\"url\":\"https:\/\/kimkommt.de\/arbeiten-mit-kim\/\",\"name\":\"Arbeiten mit KIM | KIM - KulturInstitutMobil\",\"isPartOf\":{\"@id\":\"https:\/\/kimkommt.de\/#website\"},\"primaryImageOfPage\":{\"@id\":\"https:\/\/kimkommt.de\/arbeiten-mit-kim\/#primaryimage\"},\"image\":{\"@id\":\"https:\/\/kimkommt.de\/arbeiten-mit-kim\/#primaryimage\"},\"thumbnailUrl\":\"http:\/\/kimkommt.de\/wp-content\/uploads\/2022\/02\/img_0403.jpg?w=1024\",\"datePublished\":\"2022-02-07T17:39:24+00:00\",\"dateModified\":\"2022-03-21T20:06:58+00:00\",\"breadcrumb\":{\"@id\":\"https:\/\/kimkommt.de\/arbeiten-mit-kim\/#breadcrumb\"},\"inLanguage\":\"en-GB\",\"potentialAction\":[{\"@type\":\"ReadAction\",\"target\":[\"https:\/\/kimkommt.de\/arbeiten-mit-kim\/\"]}]},{\"@type\":\"ImageObject\",\"inLanguage\":\"en-GB\",\"@id\":\"https:\/\/kimkommt.de\/arbeiten-mit-kim\/#primaryimage\",\"url\":\"http:\/\/kimkommt.de\/wp-content\/uploads\/2022\/02\/img_0403.jpg?w=1024\",\"contentUrl\":\"http:\/\/kimkommt.de\/wp-content\/uploads\/2022\/02\/img_0403.jpg?w=1024\"},{\"@type\":\"BreadcrumbList\",\"@id\":\"https:\/\/kimkommt.de\/arbeiten-mit-kim\/#breadcrumb\",\"itemListElement\":[{\"@type\":\"ListItem\",\"position\":1,\"name\":\"Startseite\",\"item\":\"https:\/\/kimkommt.de\/\"},{\"@type\":\"ListItem\",\"position\":2,\"name\":\"Arbeiten mit KIM\"}]},{\"@type\":\"WebSite\",\"@id\":\"https:\/\/kimkommt.de\/#website\",\"url\":\"https:\/\/kimkommt.de\/\",\"name\":\"KIM - KulturInstitutMobil\",\"description\":\"KIM kommt!\",\"publisher\":{\"@id\":\"https:\/\/kimkommt.de\/#organization\"},\"potentialAction\":[{\"@type\":\"SearchAction\",\"target\":{\"@type\":\"EntryPoint\",\"urlTemplate\":\"https:\/\/kimkommt.de\/?s={search_term_string}\"},\"query-input\":{\"@type\":\"PropertyValueSpecification\",\"valueRequired\":true,\"valueName\":\"search_term_string\"}}],\"inLanguage\":\"en-GB\"},{\"@type\":\"Organization\",\"@id\":\"https:\/\/kimkommt.de\/#organization\",\"name\":\"KIM - KulturInstitutMobil GbR\",\"url\":\"https:\/\/kimkommt.de\/\",\"logo\":{\"@type\":\"ImageObject\",\"inLanguage\":\"en-GB\",\"@id\":\"https:\/\/kimkommt.de\/#\/schema\/logo\/image\/\",\"url\":\"http:\/\/kimkommt.de\/wp-content\/uploads\/2022\/03\/210422_KIM_Illu-Beutel_Zeichenfla\u0308che-1.png\",\"contentUrl\":\"http:\/\/kimkommt.de\/wp-content\/uploads\/2022\/03\/210422_KIM_Illu-Beutel_Zeichenfla\u0308che-1.png\",\"width\":2446,\"height\":2447,\"caption\":\"KIM - KulturInstitutMobil GbR\"},\"image\":{\"@id\":\"https:\/\/kimkommt.de\/#\/schema\/logo\/image\/\"},\"sameAs\":[\"https:\/\/www.facebook.com\/kulturinstitutmobil\",\"https:\/\/www.instagram.com\/kulturinstitutmobil\/\"]}]}<\/script>\n<!-- \/ Yoast SEO plugin. -->","yoast_head_json":{"title":"Arbeiten mit KIM | KIM - KulturInstitutMobil","robots":{"index":"index","follow":"follow","max-snippet":"max-snippet:-1","max-image-preview":"max-image-preview:large","max-video-preview":"max-video-preview:-1"},"canonical":"https:\/\/kimkommt.de\/en\/arbeiten-mit-kim\/","og_locale":"en_GB","og_type":"article","og_title":"Arbeiten mit KIM | KIM - KulturInstitutMobil","og_description":"Das KIM Mobil erm\u00f6glicht mit sehr einfachen Mitteln eine ganze Bandbreite unterschiedlicher Veranstaltungen im \u00f6ffentlichen Raum. So wurde KIM im letzten Sommer nicht nur f\u00fcr unsere eigene Salon Reihe \u201eRaumverstehen\u201c genutzt, sondern auch f\u00fcr zahlreiche andere Forschungs- und Beteiligungsformate, Vortr\u00e4ge und kleine Performances im Stadtraum verliehen. Beispiele sind ein von Kiezconnect e.V. organisiertes Nachbarschaftstreffen im [&hellip;]","og_url":"https:\/\/kimkommt.de\/en\/arbeiten-mit-kim\/","og_site_name":"KIM - KulturInstitutMobil","article_publisher":"https:\/\/www.facebook.com\/kulturinstitutmobil","article_modified_time":"2022-03-21T20:06:58+00:00","og_image":[{"url":"http:\/\/kimkommt.de\/wp-content\/uploads\/2022\/02\/img_0403.jpg?w=1024"}],"twitter_card":"summary_large_image","twitter_misc":{"Estimated reading time":"2 minutes"},"schema":{"@context":"https:\/\/schema.org","@graph":[{"@type":"WebPage","@id":"https:\/\/kimkommt.de\/arbeiten-mit-kim\/","url":"https:\/\/kimkommt.de\/arbeiten-mit-kim\/","name":"Arbeiten mit KIM | KIM - KulturInstitutMobil","isPartOf":{"@id":"https:\/\/kimkommt.de\/#website"},"primaryImageOfPage":{"@id":"https:\/\/kimkommt.de\/arbeiten-mit-kim\/#primaryimage"},"image":{"@id":"https:\/\/kimkommt.de\/arbeiten-mit-kim\/#primaryimage"},"thumbnailUrl":"http:\/\/kimkommt.de\/wp-content\/uploads\/2022\/02\/img_0403.jpg?w=1024","datePublished":"2022-02-07T17:39:24+00:00","dateModified":"2022-03-21T20:06:58+00:00","breadcrumb":{"@id":"https:\/\/kimkommt.de\/arbeiten-mit-kim\/#breadcrumb"},"inLanguage":"en-GB","potentialAction":[{"@type":"ReadAction","target":["https:\/\/kimkommt.de\/arbeiten-mit-kim\/"]}]},{"@type":"ImageObject","inLanguage":"en-GB","@id":"https:\/\/kimkommt.de\/arbeiten-mit-kim\/#primaryimage","url":"http:\/\/kimkommt.de\/wp-content\/uploads\/2022\/02\/img_0403.jpg?w=1024","contentUrl":"http:\/\/kimkommt.de\/wp-content\/uploads\/2022\/02\/img_0403.jpg?w=1024"},{"@type":"BreadcrumbList","@id":"https:\/\/kimkommt.de\/arbeiten-mit-kim\/#breadcrumb","itemListElement":[{"@type":"ListItem","position":1,"name":"Startseite","item":"https:\/\/kimkommt.de\/"},{"@type":"ListItem","position":2,"name":"Arbeiten mit KIM"}]},{"@type":"WebSite","@id":"https:\/\/kimkommt.de\/#website","url":"https:\/\/kimkommt.de\/","name":"KIM - KulturInstitutMobil","description":"KIM kommt!","publisher":{"@id":"https:\/\/kimkommt.de\/#organization"},"potentialAction":[{"@type":"SearchAction","target":{"@type":"EntryPoint","urlTemplate":"https:\/\/kimkommt.de\/?s={search_term_string}"},"query-input":{"@type":"PropertyValueSpecification","valueRequired":true,"valueName":"search_term_string"}}],"inLanguage":"en-GB"},{"@type":"Organization","@id":"https:\/\/kimkommt.de\/#organization","name":"KIM - KulturInstitutMobil GbR","url":"https:\/\/kimkommt.de\/","logo":{"@type":"ImageObject","inLanguage":"en-GB","@id":"https:\/\/kimkommt.de\/#\/schema\/logo\/image\/","url":"http:\/\/kimkommt.de\/wp-content\/uploads\/2022\/03\/210422_KIM_Illu-Beutel_Zeichenfla\u0308che-1.png","contentUrl":"http:\/\/kimkommt.de\/wp-content\/uploads\/2022\/03\/210422_KIM_Illu-Beutel_Zeichenfla\u0308che-1.png","width":2446,"height":2447,"caption":"KIM - KulturInstitutMobil GbR"},"image":{"@id":"https:\/\/kimkommt.de\/#\/schema\/logo\/image\/"},"sameAs":["https:\/\/www.facebook.com\/kulturinstitutmobil","https:\/\/www.instagram.com\/kulturinstitutmobil\/"]}]}},"_links":{"self":[{"href":"https:\/\/kimkommt.de\/en\/wp-json\/wp\/v2\/pages\/103","targetHints":{"allow":["GET"]}}],"collection":[{"href":"https:\/\/kimkommt.de\/en\/wp-json\/wp\/v2\/pages"}],"about":[{"href":"https:\/\/kimkommt.de\/en\/wp-json\/wp\/v2\/types\/page"}],"author":[{"embeddable":true,"href":"https:\/\/kimkommt.de\/en\/wp-json\/wp\/v2\/users\/2"}],"replies":[{"embeddable":true,"href":"https:\/\/kimkommt.de\/en\/wp-json\/wp\/v2\/comments?post=103"}],"version-history":[{"count":5,"href":"https:\/\/kimkommt.de\/en\/wp-json\/wp\/v2\/pages\/103\/revisions"}],"predecessor-version":[{"id":528,"href":"https:\/\/kimkommt.de\/en\/wp-json\/wp\/v2\/pages\/103\/revisions\/528"}],"wp:attachment":[{"href":"https:\/\/kimkommt.de\/en\/wp-json\/wp\/v2\/media?parent=103"}],"curies":[{"name":"wp","href":"https:\/\/api.w.org\/{rel}","templated":true}]}}