{"id":174,"date":"2022-02-07T20:18:10","date_gmt":"2022-02-07T19:18:10","guid":{"rendered":"https:\/\/kimkommt.wordpress.com\/?page_id=174"},"modified":"2022-03-28T10:33:38","modified_gmt":"2022-03-28T10:33:38","slug":"salon-raumverstehen-3","status":"publish","type":"page","link":"https:\/\/kimkommt.de\/en\/arbeiten-mit-kim\/vergangene-veranstaltungen\/salon-raumverstehen-3\/","title":{"rendered":"Salon Raumverstehen #3"},"content":{"rendered":"<p>20 August 2021, Berolinapark Mitte<\/p>\n\n\n\n<p>Co-curator Sabine Zahn \/ Lovelabours<\/p>\n\n\n\n<p>With the kind permission of the WBG<\/p>\n\n\n\n<figure class=\"wp-block-embed is-type-video is-provider-vimeo wp-block-embed-vimeo wp-embed-aspect-1-1 wp-has-aspect-ratio\"><div class=\"wp-block-embed__wrapper\">\n<iframe loading=\"lazy\" title=\"Salon Raumverstehen#3 @KulturInstitutMobil\" src=\"https:\/\/player.vimeo.com\/video\/693025783?dnt=1&amp;app_id=122963\" width=\"500\" height=\"500\" frameborder=\"0\" allow=\"autoplay; fullscreen; picture-in-picture; clipboard-write\"><\/iframe>\n<\/div><\/figure>\n\n\n\n<p>Raumverstehen #3 dealt with the question of inhabiting as a bodily-temporal process.&nbsp;<a href=\"http:\/\/www.lovelabours.net\/\">Sabine Zahn<\/a>&nbsp;explores in her current work \"Into dwelling\" what it takes to inhabit the city; to settle in, to know one's way around, to neighbour, to locate oneself. It is less about the flat, the neighbourhood or other places of residence, but rather about a situating, temporary and active approach to one's own presence in urban space. Zahn is interested in how living could be a poetic and speculative practice of city-making and what kind of city emerges from it. <\/p>\n\n\n\n<p><\/p>\n\n\n\n<figure class=\"wp-block-gallery has-nested-images columns-default is-cropped wp-block-gallery-1 is-layout-flex wp-block-gallery-is-layout-flex\">\n<figure class=\"wp-block-image size-large\"><img decoding=\"async\" data-id=\"186\" src=\"http:\/\/kimkommt.de\/wp-content\/uploads\/2022\/02\/20210820_181138.jpg?w=1024\" alt=\"\" class=\"wp-image-186\"\/><\/figure>\n\n\n\n<figure class=\"wp-block-image size-large\"><img loading=\"lazy\" decoding=\"async\" width=\"2229\" height=\"1672\" data-id=\"176\" src=\"http:\/\/kimkommt.de\/wp-content\/uploads\/2022\/02\/20210820_181218.jpg?w=1024\" alt=\"\" class=\"wp-image-176\" srcset=\"https:\/\/kimkommt.de\/wp-content\/uploads\/2022\/02\/20210820_181218.jpg 2229w, https:\/\/kimkommt.de\/wp-content\/uploads\/2022\/02\/20210820_181218-300x225.jpg 300w, https:\/\/kimkommt.de\/wp-content\/uploads\/2022\/02\/20210820_181218-1024x768.jpg 1024w, https:\/\/kimkommt.de\/wp-content\/uploads\/2022\/02\/20210820_181218-768x576.jpg 768w, https:\/\/kimkommt.de\/wp-content\/uploads\/2022\/02\/20210820_181218-1536x1152.jpg 1536w, https:\/\/kimkommt.de\/wp-content\/uploads\/2022\/02\/20210820_181218-2048x1536.jpg 2048w\" sizes=\"auto, (max-width: 2229px) 100vw, 2229px\" \/><\/figure>\n\n\n\n<figure class=\"wp-block-image size-large\"><img loading=\"lazy\" decoding=\"async\" width=\"2532\" height=\"1899\" data-id=\"177\" src=\"http:\/\/kimkommt.de\/wp-content\/uploads\/2022\/02\/20210820_182516.jpg?w=1024\" alt=\"\" class=\"wp-image-177\" srcset=\"https:\/\/kimkommt.de\/wp-content\/uploads\/2022\/02\/20210820_182516.jpg 2532w, https:\/\/kimkommt.de\/wp-content\/uploads\/2022\/02\/20210820_182516-300x225.jpg 300w, https:\/\/kimkommt.de\/wp-content\/uploads\/2022\/02\/20210820_182516-1024x768.jpg 1024w, https:\/\/kimkommt.de\/wp-content\/uploads\/2022\/02\/20210820_182516-768x576.jpg 768w, https:\/\/kimkommt.de\/wp-content\/uploads\/2022\/02\/20210820_182516-1536x1152.jpg 1536w, https:\/\/kimkommt.de\/wp-content\/uploads\/2022\/02\/20210820_182516-2048x1536.jpg 2048w\" sizes=\"auto, (max-width: 2532px) 100vw, 2532px\" \/><\/figure>\n\n\n\n<figure class=\"wp-block-image size-large\"><img decoding=\"async\" data-id=\"184\" src=\"http:\/\/kimkommt.de\/wp-content\/uploads\/2022\/02\/20210820_183418.jpg?w=1024\" alt=\"\" class=\"wp-image-184\"\/><\/figure>\n\n\n\n<figure class=\"wp-block-image size-large\"><img decoding=\"async\" data-id=\"178\" src=\"http:\/\/kimkommt.de\/wp-content\/uploads\/2022\/02\/20210820_183424.jpg?w=768\" alt=\"\" class=\"wp-image-178\"\/><\/figure>\n\n\n\n<figure class=\"wp-block-image size-large\"><img decoding=\"async\" data-id=\"180\" src=\"http:\/\/kimkommt.de\/wp-content\/uploads\/2022\/02\/20210820_183947.jpg?w=768\" alt=\"\" class=\"wp-image-180\"\/><\/figure>\n\n\n\n<figure class=\"wp-block-image size-large\"><img decoding=\"async\" data-id=\"182\" src=\"http:\/\/kimkommt.de\/wp-content\/uploads\/2022\/02\/20210820_185942.jpg?w=768\" alt=\"\" class=\"wp-image-182\"\/><\/figure>\n\n\n\n<figure class=\"wp-block-image size-large\"><img decoding=\"async\" data-id=\"179\" src=\"http:\/\/kimkommt.de\/wp-content\/uploads\/2022\/02\/20210820_185955.jpg?w=743\" alt=\"\" class=\"wp-image-179\"\/><\/figure>\n\n\n\n<figure class=\"wp-block-image size-large\"><img decoding=\"async\" data-id=\"189\" src=\"http:\/\/kimkommt.de\/wp-content\/uploads\/2022\/02\/20210820_190001.jpg?w=1024\" alt=\"\" class=\"wp-image-189\"\/><\/figure>\n\n\n\n<figure class=\"wp-block-image size-large\"><img loading=\"lazy\" decoding=\"async\" width=\"1902\" height=\"1427\" data-id=\"175\" src=\"http:\/\/kimkommt.de\/wp-content\/uploads\/2022\/02\/20210820_190855.jpg?w=1024\" alt=\"\" class=\"wp-image-175\" srcset=\"https:\/\/kimkommt.de\/wp-content\/uploads\/2022\/02\/20210820_190855.jpg 1902w, https:\/\/kimkommt.de\/wp-content\/uploads\/2022\/02\/20210820_190855-300x225.jpg 300w, https:\/\/kimkommt.de\/wp-content\/uploads\/2022\/02\/20210820_190855-1024x768.jpg 1024w, https:\/\/kimkommt.de\/wp-content\/uploads\/2022\/02\/20210820_190855-768x576.jpg 768w, https:\/\/kimkommt.de\/wp-content\/uploads\/2022\/02\/20210820_190855-1536x1152.jpg 1536w\" sizes=\"auto, (max-width: 1902px) 100vw, 1902px\" \/><\/figure>\n\n\n\n<figure class=\"wp-block-image size-large\"><img decoding=\"async\" data-id=\"183\" src=\"http:\/\/kimkommt.de\/wp-content\/uploads\/2022\/02\/20210820_191837.jpg?w=1024\" alt=\"\" class=\"wp-image-183\"\/><\/figure>\n\n\n\n<figure class=\"wp-block-image size-large\"><img decoding=\"async\" data-id=\"190\" src=\"http:\/\/kimkommt.de\/wp-content\/uploads\/2022\/02\/20210820_193820.jpg?w=1024\" alt=\"\" class=\"wp-image-190\"\/><\/figure>\n\n\n\n<figure class=\"wp-block-image size-large\"><img decoding=\"async\" data-id=\"185\" src=\"http:\/\/kimkommt.de\/wp-content\/uploads\/2022\/02\/20210820_193848.jpg?w=768\" alt=\"\" class=\"wp-image-185\"\/><\/figure>\n\n\n\n<figure class=\"wp-block-image size-large\"><img decoding=\"async\" data-id=\"187\" src=\"http:\/\/kimkommt.de\/wp-content\/uploads\/2022\/02\/20210820_195706.jpg?w=768\" alt=\"\" class=\"wp-image-187\"\/><\/figure>\n\n\n\n<figure class=\"wp-block-image size-large\"><img decoding=\"async\" data-id=\"188\" src=\"http:\/\/kimkommt.de\/wp-content\/uploads\/2022\/02\/20210820_195710.jpg?w=768\" alt=\"\" class=\"wp-image-188\"\/><\/figure>\n<\/figure>\n\n\n\n<h2 class=\"wp-block-heading\" id=\"ko-kuratorin-sabine-zahn\">Co-Curator Sabine Zahn<\/h2>\n\n\n\n<p>Sabine Zahn is a choreographer who works and lives in Berlin. In her artistic work, she focuses on the mutual influence between bodies and their environments, often urban space. She works closely with various disciplines and seeks to establish new relationships between art and the formation of society. She studied theatre studies and journalism in Leipzig, acting and movement theatre at the Scuola Teatro Dimitri in Ticino and was a postgraduate scholarship holder with Zadek\/Stromberg.<\/p>\n\n\n\n<p><\/p>\n\n\n\n<p>More Salons:<\/p>\n\n\n\n<figure class=\"wp-block-gallery has-nested-images columns-2 is-cropped wp-block-gallery-2 is-layout-flex wp-block-gallery-is-layout-flex\">\n<figure class=\"wp-block-image size-large\"><a href=\"https:\/\/kimkommt.de\/en\/arbeiten-mit-kim\/vergangene-veranstaltungen\/salon-raumverstehen-1\/\"><img loading=\"lazy\" decoding=\"async\" width=\"1440\" height=\"1440\" data-id=\"138\" src=\"http:\/\/kimkommt.de\/wp-content\/uploads\/2022\/02\/206613271_2863850757199196_4969729762008208507_n.jpg?w=1024\" alt=\"\" class=\"wp-image-138\" srcset=\"https:\/\/kimkommt.de\/wp-content\/uploads\/2022\/02\/206613271_2863850757199196_4969729762008208507_n.jpg 1440w, https:\/\/kimkommt.de\/wp-content\/uploads\/2022\/02\/206613271_2863850757199196_4969729762008208507_n-300x300.jpg 300w, https:\/\/kimkommt.de\/wp-content\/uploads\/2022\/02\/206613271_2863850757199196_4969729762008208507_n-1024x1024.jpg 1024w, https:\/\/kimkommt.de\/wp-content\/uploads\/2022\/02\/206613271_2863850757199196_4969729762008208507_n-150x150.jpg 150w, https:\/\/kimkommt.de\/wp-content\/uploads\/2022\/02\/206613271_2863850757199196_4969729762008208507_n-768x768.jpg 768w\" sizes=\"auto, (max-width: 1440px) 100vw, 1440px\" \/><\/a><\/figure>\n\n\n\n<figure class=\"wp-block-image size-large\"><a href=\"https:\/\/kimkommt.de\/en\/arbeiten-mit-kim\/vergangene-veranstaltungen\/salon-raumverstehen-2\/\"><img loading=\"lazy\" decoding=\"async\" width=\"1533\" height=\"1532\" data-id=\"136\" src=\"http:\/\/kimkommt.de\/wp-content\/uploads\/2022\/02\/kimsalon2_instagram.jpg\" alt=\"\" class=\"wp-image-136\" srcset=\"https:\/\/kimkommt.de\/wp-content\/uploads\/2022\/02\/kimsalon2_instagram.jpg 1533w, https:\/\/kimkommt.de\/wp-content\/uploads\/2022\/02\/kimsalon2_instagram-300x300.jpg 300w, https:\/\/kimkommt.de\/wp-content\/uploads\/2022\/02\/kimsalon2_instagram-1024x1024.jpg 1024w, https:\/\/kimkommt.de\/wp-content\/uploads\/2022\/02\/kimsalon2_instagram-150x150.jpg 150w, https:\/\/kimkommt.de\/wp-content\/uploads\/2022\/02\/kimsalon2_instagram-768x767.jpg 768w\" sizes=\"auto, (max-width: 1533px) 100vw, 1533px\" \/><\/a><\/figure>\n\n\n\n<figure class=\"wp-block-image size-large\"><a href=\"https:\/\/kimkommt.de\/en\/arbeiten-mit-kim\/vergangene-veranstaltungen\/salon-raumverstehen-4\/\"><img loading=\"lazy\" decoding=\"async\" width=\"1533\" height=\"1532\" data-id=\"133\" src=\"http:\/\/kimkommt.de\/wp-content\/uploads\/2022\/02\/kim-salon_teaser_quadrat_4.jpg?w=1024\" alt=\"\" class=\"wp-image-133\" srcset=\"https:\/\/kimkommt.de\/wp-content\/uploads\/2022\/02\/kim-salon_teaser_quadrat_4.jpg 1533w, https:\/\/kimkommt.de\/wp-content\/uploads\/2022\/02\/kim-salon_teaser_quadrat_4-300x300.jpg 300w, https:\/\/kimkommt.de\/wp-content\/uploads\/2022\/02\/kim-salon_teaser_quadrat_4-1024x1024.jpg 1024w, https:\/\/kimkommt.de\/wp-content\/uploads\/2022\/02\/kim-salon_teaser_quadrat_4-150x150.jpg 150w, https:\/\/kimkommt.de\/wp-content\/uploads\/2022\/02\/kim-salon_teaser_quadrat_4-768x767.jpg 768w\" sizes=\"auto, (max-width: 1533px) 100vw, 1533px\" \/><\/a><\/figure>\n\n\n\n<figure class=\"wp-block-image size-large\"><a href=\"https:\/\/kimkommt.de\/en\/arbeiten-mit-kim\/vergangene-veranstaltungen\/salon-raumverstehen-5\/\"><img loading=\"lazy\" decoding=\"async\" width=\"1533\" height=\"1532\" data-id=\"132\" src=\"http:\/\/kimkommt.de\/wp-content\/uploads\/2022\/02\/kim-salon_teaser_quadrat_5.jpg?w=1024\" alt=\"\" class=\"wp-image-132\" srcset=\"https:\/\/kimkommt.de\/wp-content\/uploads\/2022\/02\/kim-salon_teaser_quadrat_5.jpg 1533w, https:\/\/kimkommt.de\/wp-content\/uploads\/2022\/02\/kim-salon_teaser_quadrat_5-300x300.jpg 300w, https:\/\/kimkommt.de\/wp-content\/uploads\/2022\/02\/kim-salon_teaser_quadrat_5-1024x1024.jpg 1024w, https:\/\/kimkommt.de\/wp-content\/uploads\/2022\/02\/kim-salon_teaser_quadrat_5-150x150.jpg 150w, https:\/\/kimkommt.de\/wp-content\/uploads\/2022\/02\/kim-salon_teaser_quadrat_5-768x767.jpg 768w\" sizes=\"auto, (max-width: 1533px) 100vw, 1533px\" \/><\/a><\/figure>\n<\/figure>","protected":false},"excerpt":{"rendered":"<p>20. August 2021, Berolinapark Mitte Ko-Kuratorin Sabine Zahn \/ Lovelabours Mit freundlicher Genehmigung der WBG Raumverstehen #3 hat sich mit der Frage nach dem Bewohnen als k\u00f6rperlich-tempor\u00e4ren Vorgang besch\u00e4ftigt.&nbsp;Sabine Zahn&nbsp;erforscht in ihrer momentanen Arbeit \u201eInto dwelling\u201c das, was es braucht, die Stadt zu bewohnen; sich einzurichten, auszukennen, zu nachbarn, sich zu verorten. Dabei geht es [&hellip;]<\/p>","protected":false},"author":2,"featured_media":0,"parent":119,"menu_order":3,"comment_status":"closed","ping_status":"closed","template":"","meta":{"footnotes":""},"class_list":["post-174","page","type-page","status-publish","hentry"],"yoast_head":"<!-- This site is optimized with the Yoast SEO plugin v23.5 - https:\/\/yoast.com\/wordpress\/plugins\/seo\/ -->\n<title>Salon Raumverstehen #3 | KIM - KulturInstitutMobil<\/title>\n<meta name=\"robots\" content=\"index, follow, max-snippet:-1, max-image-preview:large, max-video-preview:-1\" \/>\n<link rel=\"canonical\" href=\"https:\/\/kimkommt.de\/en\/arbeiten-mit-kim\/vergangene-veranstaltungen\/salon-raumverstehen-3\/\" \/>\n<meta property=\"og:locale\" content=\"en_GB\" \/>\n<meta property=\"og:type\" content=\"article\" \/>\n<meta property=\"og:title\" content=\"Salon Raumverstehen #3 | KIM - KulturInstitutMobil\" \/>\n<meta property=\"og:description\" content=\"20. August 2021, Berolinapark Mitte Ko-Kuratorin Sabine Zahn \/ Lovelabours Mit freundlicher Genehmigung der WBG Raumverstehen #3 hat sich mit der Frage nach dem Bewohnen als k\u00f6rperlich-tempor\u00e4ren Vorgang besch\u00e4ftigt.&nbsp;Sabine Zahn&nbsp;erforscht in ihrer momentanen Arbeit \u201eInto dwelling\u201c das, was es braucht, die Stadt zu bewohnen; sich einzurichten, auszukennen, zu nachbarn, sich zu verorten. Dabei geht es [&hellip;]\" \/>\n<meta property=\"og:url\" content=\"https:\/\/kimkommt.de\/en\/arbeiten-mit-kim\/vergangene-veranstaltungen\/salon-raumverstehen-3\/\" \/>\n<meta property=\"og:site_name\" content=\"KIM - KulturInstitutMobil\" \/>\n<meta property=\"article:publisher\" content=\"https:\/\/www.facebook.com\/kulturinstitutmobil\" \/>\n<meta property=\"article:modified_time\" content=\"2022-03-28T10:33:38+00:00\" \/>\n<meta property=\"og:image\" content=\"http:\/\/kimkommt.de\/wp-content\/uploads\/2022\/02\/20210820_181138.jpg?w=1024\" \/>\n<meta name=\"twitter:card\" content=\"summary_large_image\" \/>\n<meta name=\"twitter:label1\" content=\"Estimated reading time\" \/>\n\t<meta name=\"twitter:data1\" content=\"5 minutes\" \/>\n<script type=\"application\/ld+json\" class=\"yoast-schema-graph\">{\"@context\":\"https:\/\/schema.org\",\"@graph\":[{\"@type\":\"WebPage\",\"@id\":\"https:\/\/kimkommt.de\/arbeiten-mit-kim\/vergangene-veranstaltungen\/salon-raumverstehen-3\/\",\"url\":\"https:\/\/kimkommt.de\/arbeiten-mit-kim\/vergangene-veranstaltungen\/salon-raumverstehen-3\/\",\"name\":\"Salon Raumverstehen #3 | KIM - KulturInstitutMobil\",\"isPartOf\":{\"@id\":\"https:\/\/kimkommt.de\/#website\"},\"primaryImageOfPage\":{\"@id\":\"https:\/\/kimkommt.de\/arbeiten-mit-kim\/vergangene-veranstaltungen\/salon-raumverstehen-3\/#primaryimage\"},\"image\":{\"@id\":\"https:\/\/kimkommt.de\/arbeiten-mit-kim\/vergangene-veranstaltungen\/salon-raumverstehen-3\/#primaryimage\"},\"thumbnailUrl\":\"http:\/\/kimkommt.de\/wp-content\/uploads\/2022\/02\/20210820_181138.jpg?w=1024\",\"datePublished\":\"2022-02-07T19:18:10+00:00\",\"dateModified\":\"2022-03-28T10:33:38+00:00\",\"breadcrumb\":{\"@id\":\"https:\/\/kimkommt.de\/arbeiten-mit-kim\/vergangene-veranstaltungen\/salon-raumverstehen-3\/#breadcrumb\"},\"inLanguage\":\"en-GB\",\"potentialAction\":[{\"@type\":\"ReadAction\",\"target\":[\"https:\/\/kimkommt.de\/arbeiten-mit-kim\/vergangene-veranstaltungen\/salon-raumverstehen-3\/\"]}]},{\"@type\":\"ImageObject\",\"inLanguage\":\"en-GB\",\"@id\":\"https:\/\/kimkommt.de\/arbeiten-mit-kim\/vergangene-veranstaltungen\/salon-raumverstehen-3\/#primaryimage\",\"url\":\"http:\/\/kimkommt.de\/wp-content\/uploads\/2022\/02\/20210820_181138.jpg?w=1024\",\"contentUrl\":\"http:\/\/kimkommt.de\/wp-content\/uploads\/2022\/02\/20210820_181138.jpg?w=1024\"},{\"@type\":\"BreadcrumbList\",\"@id\":\"https:\/\/kimkommt.de\/arbeiten-mit-kim\/vergangene-veranstaltungen\/salon-raumverstehen-3\/#breadcrumb\",\"itemListElement\":[{\"@type\":\"ListItem\",\"position\":1,\"name\":\"Startseite\",\"item\":\"https:\/\/kimkommt.de\/\"},{\"@type\":\"ListItem\",\"position\":2,\"name\":\"Arbeiten mit KIM\",\"item\":\"https:\/\/kimkommt.de\/arbeiten-mit-kim\/\"},{\"@type\":\"ListItem\",\"position\":3,\"name\":\"Vergangene Veranstaltungen\",\"item\":\"https:\/\/kimkommt.de\/arbeiten-mit-kim\/vergangene-veranstaltungen\/\"},{\"@type\":\"ListItem\",\"position\":4,\"name\":\"Salon Raumverstehen #3\"}]},{\"@type\":\"WebSite\",\"@id\":\"https:\/\/kimkommt.de\/#website\",\"url\":\"https:\/\/kimkommt.de\/\",\"name\":\"KIM - KulturInstitutMobil\",\"description\":\"KIM kommt!\",\"publisher\":{\"@id\":\"https:\/\/kimkommt.de\/#organization\"},\"potentialAction\":[{\"@type\":\"SearchAction\",\"target\":{\"@type\":\"EntryPoint\",\"urlTemplate\":\"https:\/\/kimkommt.de\/?s={search_term_string}\"},\"query-input\":{\"@type\":\"PropertyValueSpecification\",\"valueRequired\":true,\"valueName\":\"search_term_string\"}}],\"inLanguage\":\"en-GB\"},{\"@type\":\"Organization\",\"@id\":\"https:\/\/kimkommt.de\/#organization\",\"name\":\"KIM - KulturInstitutMobil GbR\",\"url\":\"https:\/\/kimkommt.de\/\",\"logo\":{\"@type\":\"ImageObject\",\"inLanguage\":\"en-GB\",\"@id\":\"https:\/\/kimkommt.de\/#\/schema\/logo\/image\/\",\"url\":\"http:\/\/kimkommt.de\/wp-content\/uploads\/2022\/03\/210422_KIM_Illu-Beutel_Zeichenfla\u0308che-1.png\",\"contentUrl\":\"http:\/\/kimkommt.de\/wp-content\/uploads\/2022\/03\/210422_KIM_Illu-Beutel_Zeichenfla\u0308che-1.png\",\"width\":2446,\"height\":2447,\"caption\":\"KIM - KulturInstitutMobil GbR\"},\"image\":{\"@id\":\"https:\/\/kimkommt.de\/#\/schema\/logo\/image\/\"},\"sameAs\":[\"https:\/\/www.facebook.com\/kulturinstitutmobil\",\"https:\/\/www.instagram.com\/kulturinstitutmobil\/\"]}]}<\/script>\n<!-- \/ Yoast SEO plugin. -->","yoast_head_json":{"title":"Salon Raumverstehen #3 | KIM - KulturInstitutMobil","robots":{"index":"index","follow":"follow","max-snippet":"max-snippet:-1","max-image-preview":"max-image-preview:large","max-video-preview":"max-video-preview:-1"},"canonical":"https:\/\/kimkommt.de\/en\/arbeiten-mit-kim\/vergangene-veranstaltungen\/salon-raumverstehen-3\/","og_locale":"en_GB","og_type":"article","og_title":"Salon Raumverstehen #3 | KIM - KulturInstitutMobil","og_description":"20. August 2021, Berolinapark Mitte Ko-Kuratorin Sabine Zahn \/ Lovelabours Mit freundlicher Genehmigung der WBG Raumverstehen #3 hat sich mit der Frage nach dem Bewohnen als k\u00f6rperlich-tempor\u00e4ren Vorgang besch\u00e4ftigt.&nbsp;Sabine Zahn&nbsp;erforscht in ihrer momentanen Arbeit \u201eInto dwelling\u201c das, was es braucht, die Stadt zu bewohnen; sich einzurichten, auszukennen, zu nachbarn, sich zu verorten. Dabei geht es [&hellip;]","og_url":"https:\/\/kimkommt.de\/en\/arbeiten-mit-kim\/vergangene-veranstaltungen\/salon-raumverstehen-3\/","og_site_name":"KIM - KulturInstitutMobil","article_publisher":"https:\/\/www.facebook.com\/kulturinstitutmobil","article_modified_time":"2022-03-28T10:33:38+00:00","og_image":[{"url":"http:\/\/kimkommt.de\/wp-content\/uploads\/2022\/02\/20210820_181138.jpg?w=1024"}],"twitter_card":"summary_large_image","twitter_misc":{"Estimated reading time":"5 minutes"},"schema":{"@context":"https:\/\/schema.org","@graph":[{"@type":"WebPage","@id":"https:\/\/kimkommt.de\/arbeiten-mit-kim\/vergangene-veranstaltungen\/salon-raumverstehen-3\/","url":"https:\/\/kimkommt.de\/arbeiten-mit-kim\/vergangene-veranstaltungen\/salon-raumverstehen-3\/","name":"Salon Raumverstehen #3 | KIM - KulturInstitutMobil","isPartOf":{"@id":"https:\/\/kimkommt.de\/#website"},"primaryImageOfPage":{"@id":"https:\/\/kimkommt.de\/arbeiten-mit-kim\/vergangene-veranstaltungen\/salon-raumverstehen-3\/#primaryimage"},"image":{"@id":"https:\/\/kimkommt.de\/arbeiten-mit-kim\/vergangene-veranstaltungen\/salon-raumverstehen-3\/#primaryimage"},"thumbnailUrl":"http:\/\/kimkommt.de\/wp-content\/uploads\/2022\/02\/20210820_181138.jpg?w=1024","datePublished":"2022-02-07T19:18:10+00:00","dateModified":"2022-03-28T10:33:38+00:00","breadcrumb":{"@id":"https:\/\/kimkommt.de\/arbeiten-mit-kim\/vergangene-veranstaltungen\/salon-raumverstehen-3\/#breadcrumb"},"inLanguage":"en-GB","potentialAction":[{"@type":"ReadAction","target":["https:\/\/kimkommt.de\/arbeiten-mit-kim\/vergangene-veranstaltungen\/salon-raumverstehen-3\/"]}]},{"@type":"ImageObject","inLanguage":"en-GB","@id":"https:\/\/kimkommt.de\/arbeiten-mit-kim\/vergangene-veranstaltungen\/salon-raumverstehen-3\/#primaryimage","url":"http:\/\/kimkommt.de\/wp-content\/uploads\/2022\/02\/20210820_181138.jpg?w=1024","contentUrl":"http:\/\/kimkommt.de\/wp-content\/uploads\/2022\/02\/20210820_181138.jpg?w=1024"},{"@type":"BreadcrumbList","@id":"https:\/\/kimkommt.de\/arbeiten-mit-kim\/vergangene-veranstaltungen\/salon-raumverstehen-3\/#breadcrumb","itemListElement":[{"@type":"ListItem","position":1,"name":"Startseite","item":"https:\/\/kimkommt.de\/"},{"@type":"ListItem","position":2,"name":"Arbeiten mit KIM","item":"https:\/\/kimkommt.de\/arbeiten-mit-kim\/"},{"@type":"ListItem","position":3,"name":"Vergangene Veranstaltungen","item":"https:\/\/kimkommt.de\/arbeiten-mit-kim\/vergangene-veranstaltungen\/"},{"@type":"ListItem","position":4,"name":"Salon Raumverstehen #3"}]},{"@type":"WebSite","@id":"https:\/\/kimkommt.de\/#website","url":"https:\/\/kimkommt.de\/","name":"KIM - KulturInstitutMobil","description":"KIM kommt!","publisher":{"@id":"https:\/\/kimkommt.de\/#organization"},"potentialAction":[{"@type":"SearchAction","target":{"@type":"EntryPoint","urlTemplate":"https:\/\/kimkommt.de\/?s={search_term_string}"},"query-input":{"@type":"PropertyValueSpecification","valueRequired":true,"valueName":"search_term_string"}}],"inLanguage":"en-GB"},{"@type":"Organization","@id":"https:\/\/kimkommt.de\/#organization","name":"KIM - KulturInstitutMobil GbR","url":"https:\/\/kimkommt.de\/","logo":{"@type":"ImageObject","inLanguage":"en-GB","@id":"https:\/\/kimkommt.de\/#\/schema\/logo\/image\/","url":"http:\/\/kimkommt.de\/wp-content\/uploads\/2022\/03\/210422_KIM_Illu-Beutel_Zeichenfla\u0308che-1.png","contentUrl":"http:\/\/kimkommt.de\/wp-content\/uploads\/2022\/03\/210422_KIM_Illu-Beutel_Zeichenfla\u0308che-1.png","width":2446,"height":2447,"caption":"KIM - KulturInstitutMobil GbR"},"image":{"@id":"https:\/\/kimkommt.de\/#\/schema\/logo\/image\/"},"sameAs":["https:\/\/www.facebook.com\/kulturinstitutmobil","https:\/\/www.instagram.com\/kulturinstitutmobil\/"]}]}},"_links":{"self":[{"href":"https:\/\/kimkommt.de\/en\/wp-json\/wp\/v2\/pages\/174","targetHints":{"allow":["GET"]}}],"collection":[{"href":"https:\/\/kimkommt.de\/en\/wp-json\/wp\/v2\/pages"}],"about":[{"href":"https:\/\/kimkommt.de\/en\/wp-json\/wp\/v2\/types\/page"}],"author":[{"embeddable":true,"href":"https:\/\/kimkommt.de\/en\/wp-json\/wp\/v2\/users\/2"}],"replies":[{"embeddable":true,"href":"https:\/\/kimkommt.de\/en\/wp-json\/wp\/v2\/comments?post=174"}],"version-history":[{"count":2,"href":"https:\/\/kimkommt.de\/en\/wp-json\/wp\/v2\/pages\/174\/revisions"}],"predecessor-version":[{"id":531,"href":"https:\/\/kimkommt.de\/en\/wp-json\/wp\/v2\/pages\/174\/revisions\/531"}],"up":[{"embeddable":true,"href":"https:\/\/kimkommt.de\/en\/wp-json\/wp\/v2\/pages\/119"}],"wp:attachment":[{"href":"https:\/\/kimkommt.de\/en\/wp-json\/wp\/v2\/media?parent=174"}],"curies":[{"name":"wp","href":"https:\/\/api.w.org\/{rel}","templated":true}]}}