{"id":200,"date":"2022-02-07T20:38:07","date_gmt":"2022-02-07T19:38:07","guid":{"rendered":"https:\/\/kimkommt.wordpress.com\/?page_id=200"},"modified":"2022-04-20T13:22:10","modified_gmt":"2022-04-20T13:22:10","slug":"salon-raumverstehen-4","status":"publish","type":"page","link":"https:\/\/kimkommt.de\/en\/arbeiten-mit-kim\/vergangene-veranstaltungen\/salon-raumverstehen-4\/","title":{"rendered":"Salon Raumverstehen #4"},"content":{"rendered":"<p>24 September 2021, Treptow Ateliers<\/p>\n\n\n\n<p>Co-curator Lennart Siebert | Support Stefka Ammons &amp; Sebastian K\u00f6rbs | Guests Andreas Foidl &amp; Martin Schwegmann<\/p>\n\n\n\n<p>A cooperation with the Network of Studio Communities Treptow K\u00f6penick and the Round Table for Real Estate Policy<\/p>\n\n\n\n<figure class=\"wp-block-embed is-type-video is-provider-vimeo wp-block-embed-vimeo wp-embed-aspect-1-1 wp-has-aspect-ratio\"><div class=\"wp-block-embed__wrapper\">\n<iframe loading=\"lazy\" title=\"SalonRaumverstehen#4  @KulturInstitutMobil\" src=\"https:\/\/player.vimeo.com\/video\/696090161?dnt=1&amp;app_id=122963\" width=\"500\" height=\"500\" frameborder=\"0\" allow=\"autoplay; fullscreen; picture-in-picture; clipboard-write\"><\/iframe>\n<\/div><\/figure>\n\n\n\n<p>Berlin's asset is its cultural diversity, which has become a successful economic factor. This is not just a cleverly placed promise of sustainable city marketing, but a real situation created by real people in real neighbourhoods through real investment of their labour.&nbsp;<\/p>\n\n\n\n<p>Rising rents and the closure of established, non-commercial cultural institutions, studio houses and communities mean that Berlin is now losing more than 350 studios a year and half of the visual artists in Berlin are looking for new locations.&nbsp;<\/p>\n\n\n\n<p>Treptow-K\u00f6penick is a district that has become a central settlement point for artists of interdisciplinary origin over the past decade, mainly due to its vacant industrial buildings, and is now home to well over 500 studios. However, current developments threaten to make it a prime example of the next chapter in the history of studio death.&nbsp;<\/p>\n\n\n\n<p>Das k\u00fcnstlerische Austauschformat \u201cSalon Raumverstehen\u201d hat gemeinsam mit Stellvertreter:innen aller Seiten in dieser Entwicklung untersuchen, welche M\u00f6glichkeiten f\u00fcr K\u00fcnstler:innen und \u00fcberhaupt Betreiber:innen von Kulturr\u00e4umen er\u00f6ffnet werden k\u00f6nnen, um langfristig unabh\u00e4ngig zu existieren und diese Arbeitsorte zu sichern.&nbsp;<\/p>\n\n\n\n<p>Artists, district and state politicians, administrative staff, investors and urban planners were invited to a practical workshop-like exchange that focused on solution-oriented knowledge exchange and the collection and bundling of resources.<\/p>\n\n\n\n<p>Short guest contributions first gave the participants a brief insight into the status quo of Berlin's cultural landscape from a political perspective. Afterwards, we took a collective expert look at the extent to which clever and at the same time economically viable strategies can be developed to preserve affordable, private, cultural production spaces for urban growth. In short, it's about understanding space together.<\/p>\n\n\n\n<p><\/p>\n\n\n\n<figure class=\"wp-block-gallery has-nested-images columns-default is-cropped wp-block-gallery-1 is-layout-flex wp-block-gallery-is-layout-flex\">\n<figure class=\"wp-block-image size-large\"><img decoding=\"async\" data-id=\"209\" src=\"http:\/\/kimkommt.de\/wp-content\/uploads\/2022\/02\/20210924_151155.jpg?w=1024\" alt=\"\" class=\"wp-image-209\"\/><\/figure>\n\n\n\n<figure class=\"wp-block-image size-large\"><img decoding=\"async\" data-id=\"206\" src=\"http:\/\/kimkommt.de\/wp-content\/uploads\/2022\/02\/20210924_151620.jpg?w=768\" alt=\"\" class=\"wp-image-206\"\/><\/figure>\n\n\n\n<figure class=\"wp-block-image size-large\"><img decoding=\"async\" data-id=\"211\" src=\"http:\/\/kimkommt.de\/wp-content\/uploads\/2022\/02\/20210924_151954.jpg?w=1024\" alt=\"\" class=\"wp-image-211\"\/><\/figure>\n\n\n\n<figure class=\"wp-block-image size-large\"><img decoding=\"async\" data-id=\"212\" src=\"http:\/\/kimkommt.de\/wp-content\/uploads\/2022\/02\/20210924_152353.jpg?w=1024\" alt=\"\" class=\"wp-image-212\"\/><\/figure>\n\n\n\n<figure class=\"wp-block-image size-large\"><img decoding=\"async\" data-id=\"208\" src=\"http:\/\/kimkommt.de\/wp-content\/uploads\/2022\/02\/20210924_152719.jpg?w=768\" alt=\"\" class=\"wp-image-208\"\/><\/figure>\n\n\n\n<figure class=\"wp-block-image size-large\"><img decoding=\"async\" data-id=\"210\" src=\"http:\/\/kimkommt.de\/wp-content\/uploads\/2022\/02\/20210924_154308.jpg?w=1024\" alt=\"\" class=\"wp-image-210\"\/><\/figure>\n\n\n\n<figure class=\"wp-block-image size-large\"><img decoding=\"async\" data-id=\"207\" src=\"http:\/\/kimkommt.de\/wp-content\/uploads\/2022\/02\/20210924_160349.jpg?w=1024\" alt=\"\" class=\"wp-image-207\"\/><\/figure>\n<\/figure>\n\n\n\n<h2 class=\"wp-block-heading\" id=\"ko-kurator-lennart-siebert\">Co-curator Lennart Siebert<\/h2>\n\n\n\n<p>Lennart Siebert studied International Cultural Management and Communication &amp; PR. Since 2006 he has been working interdisciplinarily (in the fields of literature, events, music, photography and art) around Europe as an artist and cultural manager with a focus on communication, cultural and real estate policy. He specialises in identifying, mediating and promoting cross-sector synergies. Since 2015, Lennart Siebert has been applying his knowledge to Belius GmbH \/ Foundation, where he has also been a partner since 2020. He also heads the coordination office of the Real Estate Policy Round Table and founded the online magazine STADT NEUDENKEN in 2020.<\/p>\n\n\n\n<h2 class=\"wp-block-heading\" id=\"netzwerk-ateliergemeinschaften\">Network Studio Communities<\/h2>\n\n\n\n<p>The Netzwerk Ateliergemeinschaften Treptow-K\u00f6penick is a loose association of well over 300 artists who work in studio communities in the district, most of whom are threatened in the coming years.&nbsp;<\/p>\n\n\n\n<h2 class=\"wp-block-heading\" id=\"runder-tisch-fur-liegenschaftspolitik\">Runder Tisch f\u00fcr Liegenschaftspolitik<\/h2>\n\n\n\n<p><a href=\"https:\/\/stadtneudenken.net\/runder-tisch\/\">The Round Table for Real Estate Policy<\/a> of the State of Berlin had a mediating function in this salon: Involved persons from politics, administration and civil society were brought together at eye level in a carefully curated context. Through (moderated) dialogue and interaction, the respective perspectives are revealed, interests clarified and the importance of the sensitive resource of space made comprehensible. Through the exchange of perspectives and the joint discussion, the cityscape can be improved in the long run.<\/p>\n\n\n\n<p><\/p>\n\n\n\n<p>More salons:<\/p>\n\n\n\n<figure class=\"wp-block-gallery has-nested-images columns-2 is-cropped wp-block-gallery-2 is-layout-flex wp-block-gallery-is-layout-flex\">\n<figure class=\"wp-block-image size-large\"><a href=\"https:\/\/kimkommt.de\/en\/arbeiten-mit-kim\/vergangene-veranstaltungen\/salon-raumverstehen-1\/\"><img loading=\"lazy\" decoding=\"async\" width=\"1440\" height=\"1440\" data-id=\"138\" src=\"http:\/\/kimkommt.de\/wp-content\/uploads\/2022\/02\/206613271_2863850757199196_4969729762008208507_n.jpg?w=1024\" alt=\"\" class=\"wp-image-138\" srcset=\"https:\/\/kimkommt.de\/wp-content\/uploads\/2022\/02\/206613271_2863850757199196_4969729762008208507_n.jpg 1440w, https:\/\/kimkommt.de\/wp-content\/uploads\/2022\/02\/206613271_2863850757199196_4969729762008208507_n-300x300.jpg 300w, https:\/\/kimkommt.de\/wp-content\/uploads\/2022\/02\/206613271_2863850757199196_4969729762008208507_n-1024x1024.jpg 1024w, https:\/\/kimkommt.de\/wp-content\/uploads\/2022\/02\/206613271_2863850757199196_4969729762008208507_n-150x150.jpg 150w, https:\/\/kimkommt.de\/wp-content\/uploads\/2022\/02\/206613271_2863850757199196_4969729762008208507_n-768x768.jpg 768w\" sizes=\"auto, (max-width: 1440px) 100vw, 1440px\" \/><\/a><\/figure>\n\n\n\n<figure class=\"wp-block-image size-large\"><a href=\"https:\/\/kimkommt.de\/en\/arbeiten-mit-kim\/vergangene-veranstaltungen\/salon-raumverstehen-2\/\"><img loading=\"lazy\" decoding=\"async\" width=\"1533\" height=\"1532\" data-id=\"136\" src=\"http:\/\/kimkommt.de\/wp-content\/uploads\/2022\/02\/kimsalon2_instagram.jpg\" alt=\"\" class=\"wp-image-136\" srcset=\"https:\/\/kimkommt.de\/wp-content\/uploads\/2022\/02\/kimsalon2_instagram.jpg 1533w, https:\/\/kimkommt.de\/wp-content\/uploads\/2022\/02\/kimsalon2_instagram-300x300.jpg 300w, https:\/\/kimkommt.de\/wp-content\/uploads\/2022\/02\/kimsalon2_instagram-1024x1024.jpg 1024w, https:\/\/kimkommt.de\/wp-content\/uploads\/2022\/02\/kimsalon2_instagram-150x150.jpg 150w, https:\/\/kimkommt.de\/wp-content\/uploads\/2022\/02\/kimsalon2_instagram-768x767.jpg 768w\" sizes=\"auto, (max-width: 1533px) 100vw, 1533px\" \/><\/a><\/figure>\n\n\n\n<figure class=\"wp-block-image size-large\"><a href=\"https:\/\/kimkommt.de\/en\/arbeiten-mit-kim\/vergangene-veranstaltungen\/salon-raumverstehen-3\/\"><img loading=\"lazy\" decoding=\"async\" width=\"1533\" height=\"1532\" data-id=\"134\" src=\"http:\/\/kimkommt.de\/wp-content\/uploads\/2022\/02\/kimsalon3_instagram.jpg?w=1024\" alt=\"\" class=\"wp-image-134\" srcset=\"https:\/\/kimkommt.de\/wp-content\/uploads\/2022\/02\/kimsalon3_instagram.jpg 1533w, https:\/\/kimkommt.de\/wp-content\/uploads\/2022\/02\/kimsalon3_instagram-300x300.jpg 300w, https:\/\/kimkommt.de\/wp-content\/uploads\/2022\/02\/kimsalon3_instagram-1024x1024.jpg 1024w, https:\/\/kimkommt.de\/wp-content\/uploads\/2022\/02\/kimsalon3_instagram-150x150.jpg 150w, https:\/\/kimkommt.de\/wp-content\/uploads\/2022\/02\/kimsalon3_instagram-768x767.jpg 768w\" sizes=\"auto, (max-width: 1533px) 100vw, 1533px\" \/><\/a><\/figure>\n\n\n\n<figure class=\"wp-block-image size-large\"><a href=\"https:\/\/kimkommt.de\/en\/arbeiten-mit-kim\/vergangene-veranstaltungen\/salon-raumverstehen-5\/\"><img loading=\"lazy\" decoding=\"async\" width=\"1533\" height=\"1532\" data-id=\"132\" src=\"http:\/\/kimkommt.de\/wp-content\/uploads\/2022\/02\/kim-salon_teaser_quadrat_5.jpg?w=1024\" alt=\"\" class=\"wp-image-132\" srcset=\"https:\/\/kimkommt.de\/wp-content\/uploads\/2022\/02\/kim-salon_teaser_quadrat_5.jpg 1533w, https:\/\/kimkommt.de\/wp-content\/uploads\/2022\/02\/kim-salon_teaser_quadrat_5-300x300.jpg 300w, https:\/\/kimkommt.de\/wp-content\/uploads\/2022\/02\/kim-salon_teaser_quadrat_5-1024x1024.jpg 1024w, https:\/\/kimkommt.de\/wp-content\/uploads\/2022\/02\/kim-salon_teaser_quadrat_5-150x150.jpg 150w, https:\/\/kimkommt.de\/wp-content\/uploads\/2022\/02\/kim-salon_teaser_quadrat_5-768x767.jpg 768w\" sizes=\"auto, (max-width: 1533px) 100vw, 1533px\" \/><\/a><\/figure>\n<\/figure>","protected":false},"excerpt":{"rendered":"<p>24. September 2021, Treptow Ateliers Ko-Kurator Lennart Siebert | Unterst\u00fctzung Stefka Ammons &amp; Sebastian K\u00f6rbs | G\u00e4ste Andreas Foidl &amp; Martin Schwegmann Eine Kooperation mit dem Netzwerk Ateliergemeinschaften Treptow K\u00f6penick und dem Runden Tisch f\u00fcr Liegenschaftspolitik Berlins Pfund ist die kulturelle Vielfalt, welche zu einem erfolgreichen Wirtschaftsfaktor geworden ist. Dabei handelt es sich nicht blo\u00df [&hellip;]<\/p>","protected":false},"author":2,"featured_media":0,"parent":119,"menu_order":4,"comment_status":"closed","ping_status":"closed","template":"","meta":{"footnotes":""},"class_list":["post-200","page","type-page","status-publish","hentry"],"yoast_head":"<!-- This site is optimized with the Yoast SEO plugin v23.5 - https:\/\/yoast.com\/wordpress\/plugins\/seo\/ -->\n<title>Salon Raumverstehen #4 | KIM - KulturInstitutMobil<\/title>\n<meta name=\"robots\" content=\"index, follow, max-snippet:-1, max-image-preview:large, max-video-preview:-1\" \/>\n<link rel=\"canonical\" href=\"https:\/\/kimkommt.de\/en\/arbeiten-mit-kim\/vergangene-veranstaltungen\/salon-raumverstehen-4\/\" \/>\n<meta property=\"og:locale\" content=\"en_GB\" \/>\n<meta property=\"og:type\" content=\"article\" \/>\n<meta property=\"og:title\" content=\"Salon Raumverstehen #4 | KIM - KulturInstitutMobil\" \/>\n<meta property=\"og:description\" content=\"24. September 2021, Treptow Ateliers Ko-Kurator Lennart Siebert | Unterst\u00fctzung Stefka Ammons &amp; Sebastian K\u00f6rbs | G\u00e4ste Andreas Foidl &amp; Martin Schwegmann Eine Kooperation mit dem Netzwerk Ateliergemeinschaften Treptow K\u00f6penick und dem Runden Tisch f\u00fcr Liegenschaftspolitik Berlins Pfund ist die kulturelle Vielfalt, welche zu einem erfolgreichen Wirtschaftsfaktor geworden ist. Dabei handelt es sich nicht blo\u00df [&hellip;]\" \/>\n<meta property=\"og:url\" content=\"https:\/\/kimkommt.de\/en\/arbeiten-mit-kim\/vergangene-veranstaltungen\/salon-raumverstehen-4\/\" \/>\n<meta property=\"og:site_name\" content=\"KIM - KulturInstitutMobil\" \/>\n<meta property=\"article:publisher\" content=\"https:\/\/www.facebook.com\/kulturinstitutmobil\" \/>\n<meta property=\"article:modified_time\" content=\"2022-04-20T13:22:10+00:00\" \/>\n<meta property=\"og:image\" content=\"http:\/\/kimkommt.de\/wp-content\/uploads\/2022\/02\/20210924_151155.jpg?w=1024\" \/>\n<meta name=\"twitter:card\" content=\"summary_large_image\" \/>\n<meta name=\"twitter:label1\" content=\"Estimated reading time\" \/>\n\t<meta name=\"twitter:data1\" content=\"5 minutes\" \/>\n<script type=\"application\/ld+json\" class=\"yoast-schema-graph\">{\"@context\":\"https:\/\/schema.org\",\"@graph\":[{\"@type\":\"WebPage\",\"@id\":\"https:\/\/kimkommt.de\/arbeiten-mit-kim\/vergangene-veranstaltungen\/salon-raumverstehen-4\/\",\"url\":\"https:\/\/kimkommt.de\/arbeiten-mit-kim\/vergangene-veranstaltungen\/salon-raumverstehen-4\/\",\"name\":\"Salon Raumverstehen #4 | KIM - KulturInstitutMobil\",\"isPartOf\":{\"@id\":\"https:\/\/kimkommt.de\/#website\"},\"primaryImageOfPage\":{\"@id\":\"https:\/\/kimkommt.de\/arbeiten-mit-kim\/vergangene-veranstaltungen\/salon-raumverstehen-4\/#primaryimage\"},\"image\":{\"@id\":\"https:\/\/kimkommt.de\/arbeiten-mit-kim\/vergangene-veranstaltungen\/salon-raumverstehen-4\/#primaryimage\"},\"thumbnailUrl\":\"http:\/\/kimkommt.de\/wp-content\/uploads\/2022\/02\/20210924_151155.jpg?w=1024\",\"datePublished\":\"2022-02-07T19:38:07+00:00\",\"dateModified\":\"2022-04-20T13:22:10+00:00\",\"breadcrumb\":{\"@id\":\"https:\/\/kimkommt.de\/arbeiten-mit-kim\/vergangene-veranstaltungen\/salon-raumverstehen-4\/#breadcrumb\"},\"inLanguage\":\"en-GB\",\"potentialAction\":[{\"@type\":\"ReadAction\",\"target\":[\"https:\/\/kimkommt.de\/arbeiten-mit-kim\/vergangene-veranstaltungen\/salon-raumverstehen-4\/\"]}]},{\"@type\":\"ImageObject\",\"inLanguage\":\"en-GB\",\"@id\":\"https:\/\/kimkommt.de\/arbeiten-mit-kim\/vergangene-veranstaltungen\/salon-raumverstehen-4\/#primaryimage\",\"url\":\"http:\/\/kimkommt.de\/wp-content\/uploads\/2022\/02\/20210924_151155.jpg?w=1024\",\"contentUrl\":\"http:\/\/kimkommt.de\/wp-content\/uploads\/2022\/02\/20210924_151155.jpg?w=1024\"},{\"@type\":\"BreadcrumbList\",\"@id\":\"https:\/\/kimkommt.de\/arbeiten-mit-kim\/vergangene-veranstaltungen\/salon-raumverstehen-4\/#breadcrumb\",\"itemListElement\":[{\"@type\":\"ListItem\",\"position\":1,\"name\":\"Startseite\",\"item\":\"https:\/\/kimkommt.de\/\"},{\"@type\":\"ListItem\",\"position\":2,\"name\":\"Arbeiten mit KIM\",\"item\":\"https:\/\/kimkommt.de\/arbeiten-mit-kim\/\"},{\"@type\":\"ListItem\",\"position\":3,\"name\":\"Vergangene Veranstaltungen\",\"item\":\"https:\/\/kimkommt.de\/arbeiten-mit-kim\/vergangene-veranstaltungen\/\"},{\"@type\":\"ListItem\",\"position\":4,\"name\":\"Salon Raumverstehen #4\"}]},{\"@type\":\"WebSite\",\"@id\":\"https:\/\/kimkommt.de\/#website\",\"url\":\"https:\/\/kimkommt.de\/\",\"name\":\"KIM - KulturInstitutMobil\",\"description\":\"KIM kommt!\",\"publisher\":{\"@id\":\"https:\/\/kimkommt.de\/#organization\"},\"potentialAction\":[{\"@type\":\"SearchAction\",\"target\":{\"@type\":\"EntryPoint\",\"urlTemplate\":\"https:\/\/kimkommt.de\/?s={search_term_string}\"},\"query-input\":{\"@type\":\"PropertyValueSpecification\",\"valueRequired\":true,\"valueName\":\"search_term_string\"}}],\"inLanguage\":\"en-GB\"},{\"@type\":\"Organization\",\"@id\":\"https:\/\/kimkommt.de\/#organization\",\"name\":\"KIM - KulturInstitutMobil GbR\",\"url\":\"https:\/\/kimkommt.de\/\",\"logo\":{\"@type\":\"ImageObject\",\"inLanguage\":\"en-GB\",\"@id\":\"https:\/\/kimkommt.de\/#\/schema\/logo\/image\/\",\"url\":\"http:\/\/kimkommt.de\/wp-content\/uploads\/2022\/03\/210422_KIM_Illu-Beutel_Zeichenfla\u0308che-1.png\",\"contentUrl\":\"http:\/\/kimkommt.de\/wp-content\/uploads\/2022\/03\/210422_KIM_Illu-Beutel_Zeichenfla\u0308che-1.png\",\"width\":2446,\"height\":2447,\"caption\":\"KIM - KulturInstitutMobil GbR\"},\"image\":{\"@id\":\"https:\/\/kimkommt.de\/#\/schema\/logo\/image\/\"},\"sameAs\":[\"https:\/\/www.facebook.com\/kulturinstitutmobil\",\"https:\/\/www.instagram.com\/kulturinstitutmobil\/\"]}]}<\/script>\n<!-- \/ Yoast SEO plugin. -->","yoast_head_json":{"title":"Salon Raumverstehen #4 | KIM - KulturInstitutMobil","robots":{"index":"index","follow":"follow","max-snippet":"max-snippet:-1","max-image-preview":"max-image-preview:large","max-video-preview":"max-video-preview:-1"},"canonical":"https:\/\/kimkommt.de\/en\/arbeiten-mit-kim\/vergangene-veranstaltungen\/salon-raumverstehen-4\/","og_locale":"en_GB","og_type":"article","og_title":"Salon Raumverstehen #4 | KIM - KulturInstitutMobil","og_description":"24. September 2021, Treptow Ateliers Ko-Kurator Lennart Siebert | Unterst\u00fctzung Stefka Ammons &amp; Sebastian K\u00f6rbs | G\u00e4ste Andreas Foidl &amp; Martin Schwegmann Eine Kooperation mit dem Netzwerk Ateliergemeinschaften Treptow K\u00f6penick und dem Runden Tisch f\u00fcr Liegenschaftspolitik Berlins Pfund ist die kulturelle Vielfalt, welche zu einem erfolgreichen Wirtschaftsfaktor geworden ist. Dabei handelt es sich nicht blo\u00df [&hellip;]","og_url":"https:\/\/kimkommt.de\/en\/arbeiten-mit-kim\/vergangene-veranstaltungen\/salon-raumverstehen-4\/","og_site_name":"KIM - KulturInstitutMobil","article_publisher":"https:\/\/www.facebook.com\/kulturinstitutmobil","article_modified_time":"2022-04-20T13:22:10+00:00","og_image":[{"url":"http:\/\/kimkommt.de\/wp-content\/uploads\/2022\/02\/20210924_151155.jpg?w=1024"}],"twitter_card":"summary_large_image","twitter_misc":{"Estimated reading time":"5 minutes"},"schema":{"@context":"https:\/\/schema.org","@graph":[{"@type":"WebPage","@id":"https:\/\/kimkommt.de\/arbeiten-mit-kim\/vergangene-veranstaltungen\/salon-raumverstehen-4\/","url":"https:\/\/kimkommt.de\/arbeiten-mit-kim\/vergangene-veranstaltungen\/salon-raumverstehen-4\/","name":"Salon Raumverstehen #4 | KIM - KulturInstitutMobil","isPartOf":{"@id":"https:\/\/kimkommt.de\/#website"},"primaryImageOfPage":{"@id":"https:\/\/kimkommt.de\/arbeiten-mit-kim\/vergangene-veranstaltungen\/salon-raumverstehen-4\/#primaryimage"},"image":{"@id":"https:\/\/kimkommt.de\/arbeiten-mit-kim\/vergangene-veranstaltungen\/salon-raumverstehen-4\/#primaryimage"},"thumbnailUrl":"http:\/\/kimkommt.de\/wp-content\/uploads\/2022\/02\/20210924_151155.jpg?w=1024","datePublished":"2022-02-07T19:38:07+00:00","dateModified":"2022-04-20T13:22:10+00:00","breadcrumb":{"@id":"https:\/\/kimkommt.de\/arbeiten-mit-kim\/vergangene-veranstaltungen\/salon-raumverstehen-4\/#breadcrumb"},"inLanguage":"en-GB","potentialAction":[{"@type":"ReadAction","target":["https:\/\/kimkommt.de\/arbeiten-mit-kim\/vergangene-veranstaltungen\/salon-raumverstehen-4\/"]}]},{"@type":"ImageObject","inLanguage":"en-GB","@id":"https:\/\/kimkommt.de\/arbeiten-mit-kim\/vergangene-veranstaltungen\/salon-raumverstehen-4\/#primaryimage","url":"http:\/\/kimkommt.de\/wp-content\/uploads\/2022\/02\/20210924_151155.jpg?w=1024","contentUrl":"http:\/\/kimkommt.de\/wp-content\/uploads\/2022\/02\/20210924_151155.jpg?w=1024"},{"@type":"BreadcrumbList","@id":"https:\/\/kimkommt.de\/arbeiten-mit-kim\/vergangene-veranstaltungen\/salon-raumverstehen-4\/#breadcrumb","itemListElement":[{"@type":"ListItem","position":1,"name":"Startseite","item":"https:\/\/kimkommt.de\/"},{"@type":"ListItem","position":2,"name":"Arbeiten mit KIM","item":"https:\/\/kimkommt.de\/arbeiten-mit-kim\/"},{"@type":"ListItem","position":3,"name":"Vergangene Veranstaltungen","item":"https:\/\/kimkommt.de\/arbeiten-mit-kim\/vergangene-veranstaltungen\/"},{"@type":"ListItem","position":4,"name":"Salon Raumverstehen #4"}]},{"@type":"WebSite","@id":"https:\/\/kimkommt.de\/#website","url":"https:\/\/kimkommt.de\/","name":"KIM - KulturInstitutMobil","description":"KIM kommt!","publisher":{"@id":"https:\/\/kimkommt.de\/#organization"},"potentialAction":[{"@type":"SearchAction","target":{"@type":"EntryPoint","urlTemplate":"https:\/\/kimkommt.de\/?s={search_term_string}"},"query-input":{"@type":"PropertyValueSpecification","valueRequired":true,"valueName":"search_term_string"}}],"inLanguage":"en-GB"},{"@type":"Organization","@id":"https:\/\/kimkommt.de\/#organization","name":"KIM - KulturInstitutMobil GbR","url":"https:\/\/kimkommt.de\/","logo":{"@type":"ImageObject","inLanguage":"en-GB","@id":"https:\/\/kimkommt.de\/#\/schema\/logo\/image\/","url":"http:\/\/kimkommt.de\/wp-content\/uploads\/2022\/03\/210422_KIM_Illu-Beutel_Zeichenfla\u0308che-1.png","contentUrl":"http:\/\/kimkommt.de\/wp-content\/uploads\/2022\/03\/210422_KIM_Illu-Beutel_Zeichenfla\u0308che-1.png","width":2446,"height":2447,"caption":"KIM - KulturInstitutMobil GbR"},"image":{"@id":"https:\/\/kimkommt.de\/#\/schema\/logo\/image\/"},"sameAs":["https:\/\/www.facebook.com\/kulturinstitutmobil","https:\/\/www.instagram.com\/kulturinstitutmobil\/"]}]}},"_links":{"self":[{"href":"https:\/\/kimkommt.de\/en\/wp-json\/wp\/v2\/pages\/200","targetHints":{"allow":["GET"]}}],"collection":[{"href":"https:\/\/kimkommt.de\/en\/wp-json\/wp\/v2\/pages"}],"about":[{"href":"https:\/\/kimkommt.de\/en\/wp-json\/wp\/v2\/types\/page"}],"author":[{"embeddable":true,"href":"https:\/\/kimkommt.de\/en\/wp-json\/wp\/v2\/users\/2"}],"replies":[{"embeddable":true,"href":"https:\/\/kimkommt.de\/en\/wp-json\/wp\/v2\/comments?post=200"}],"version-history":[{"count":3,"href":"https:\/\/kimkommt.de\/en\/wp-json\/wp\/v2\/pages\/200\/revisions"}],"predecessor-version":[{"id":541,"href":"https:\/\/kimkommt.de\/en\/wp-json\/wp\/v2\/pages\/200\/revisions\/541"}],"up":[{"embeddable":true,"href":"https:\/\/kimkommt.de\/en\/wp-json\/wp\/v2\/pages\/119"}],"wp:attachment":[{"href":"https:\/\/kimkommt.de\/en\/wp-json\/wp\/v2\/media?parent=200"}],"curies":[{"name":"wp","href":"https:\/\/api.w.org\/{rel}","templated":true}]}}