{"id":6,"date":"2022-02-07T09:11:00","date_gmt":"2022-02-07T08:11:00","guid":{"rendered":"https:\/\/kimkommt.wordpress.com\/home\/"},"modified":"2022-03-02T22:45:09","modified_gmt":"2022-03-02T22:45:09","slug":"home","status":"publish","type":"page","link":"https:\/\/kimkommt.de\/en\/","title":{"rendered":"A mobile cultural institute?"},"content":{"rendered":"<p><code>        <div\n            class=\"spotlight-instagram-feed\"\n            data-feed-var=\"e417f7e0\"\n            data-analytics=\"0\"\n            data-instance=\"6\"\n        >\n        <\/div>\n        <input type=\"hidden\" id=\"sli__f__e417f7e0\" data-json='{&quot;accounts&quot;:[358],&quot;tagged&quot;:[],&quot;hashtags&quot;:[],&quot;template&quot;:276997,&quot;layout&quot;:&quot;grid&quot;,&quot;numColumns&quot;:{&quot;desktop&quot;:5,&quot;tablet&quot;:4,&quot;phone&quot;:3},&quot;highlightFreq&quot;:{&quot;desktop&quot;:7},&quot;sliderNumScrollPosts&quot;:{&quot;desktop&quot;:1},&quot;sliderInfinite&quot;:true,&quot;sliderLoop&quot;:false,&quot;sliderArrowPos&quot;:{&quot;desktop&quot;:&quot;inside&quot;},&quot;sliderArrowSize&quot;:{&quot;desktop&quot;:20},&quot;sliderArrowColor&quot;:{&quot;r&quot;:255,&quot;b&quot;:255,&quot;g&quot;:255,&quot;a&quot;:1},&quot;sliderArrowBgColor&quot;:{&quot;r&quot;:0,&quot;b&quot;:0,&quot;g&quot;:0,&quot;a&quot;:0.8},&quot;postOrder&quot;:&quot;random&quot;,&quot;numPosts&quot;:{&quot;desktop&quot;:20,&quot;tablet&quot;:12,&quot;phone&quot;:9},&quot;linkBehavior&quot;:{&quot;desktop&quot;:&quot;lightbox&quot;},&quot;feedWidth&quot;:{&quot;desktop&quot;:&quot;&quot;},&quot;feedHeight&quot;:{&quot;desktop&quot;:&quot;&quot;},&quot;feedPadding&quot;:{&quot;desktop&quot;:0,&quot;tablet&quot;:0,&quot;phone&quot;:0},&quot;imgPadding&quot;:{&quot;desktop&quot;:0,&quot;tablet&quot;:0,&quot;phone&quot;:0},&quot;textSize&quot;:{&quot;desktop&quot;:&quot;&quot;,&quot;tablet&quot;:&quot;&quot;,&quot;phone&quot;:&quot;&quot;},&quot;bgColor&quot;:{&quot;r&quot;:255,&quot;g&quot;:255,&quot;b&quot;:255,&quot;a&quot;:0},&quot;hoverInfo&quot;:[&quot;likes_comments&quot;,&quot;insta_link&quot;],&quot;textColorHover&quot;:{&quot;r&quot;:255,&quot;g&quot;:255,&quot;b&quot;:255,&quot;a&quot;:1},&quot;bgColorHover&quot;:{&quot;r&quot;:0,&quot;g&quot;:0,&quot;b&quot;:0,&quot;a&quot;:0.5},&quot;showHeader&quot;:{&quot;desktop&quot;:false},&quot;headerInfo&quot;:{&quot;desktop&quot;:[&quot;profile_pic&quot;,&quot;bio&quot;]},&quot;headerAccount&quot;:5,&quot;headerStyle&quot;:{&quot;desktop&quot;:&quot;normal&quot;,&quot;phone&quot;:&quot;centered&quot;},&quot;headerTextSize&quot;:{&quot;desktop&quot;:&quot;&quot;},&quot;headerPhotoSize&quot;:{&quot;desktop&quot;:50},&quot;headerTextColor&quot;:{&quot;r&quot;:0,&quot;g&quot;:0,&quot;b&quot;:0,&quot;a&quot;:1},&quot;headerBgColor&quot;:{&quot;r&quot;:255,&quot;g&quot;:255,&quot;b&quot;:255,&quot;a&quot;:1},&quot;headerPadding&quot;:{&quot;desktop&quot;:0},&quot;customProfilePic&quot;:0,&quot;customBioText&quot;:&quot;&quot;,&quot;includeStories&quot;:false,&quot;storiesInterval&quot;:5,&quot;showCaptions&quot;:{&quot;desktop&quot;:false},&quot;captionMaxLength&quot;:{&quot;desktop&quot;:0},&quot;captionRemoveDots&quot;:false,&quot;captionSize&quot;:{&quot;desktop&quot;:0},&quot;captionColor&quot;:{&quot;r&quot;:0,&quot;g&quot;:0,&quot;b&quot;:0,&quot;a&quot;:1},&quot;showLikes&quot;:{&quot;desktop&quot;:false},&quot;showComments&quot;:{&quot;desktop&quot;:false},&quot;lcIconSize&quot;:{&quot;desktop&quot;:14},&quot;likesIconColor&quot;:{&quot;r&quot;:0,&quot;g&quot;:0,&quot;b&quot;:0,&quot;a&quot;:1},&quot;commentsIconColor&quot;:{&quot;r&quot;:0,&quot;g&quot;:0,&quot;b&quot;:0,&quot;a&quot;:1},&quot;lightboxShowSidebar&quot;:false,&quot;lightboxCtaStyle&quot;:&quot;link&quot;,&quot;lightboxCtaDesign&quot;:{&quot;text&quot;:{&quot;color&quot;:{&quot;r&quot;:0,&quot;g&quot;:0,&quot;b&quot;:0,&quot;a&quot;:1},&quot;align&quot;:&quot;center&quot;},&quot;bgColor&quot;:{&quot;r&quot;:230,&quot;g&quot;:230,&quot;b&quot;:230,&quot;a&quot;:1},&quot;border&quot;:{&quot;radius&quot;:3}},&quot;numLightboxComments&quot;:50,&quot;showLoadMoreBtn&quot;:{&quot;desktop&quot;:false},&quot;loadMoreBtnDesign&quot;:{&quot;text&quot;:{&quot;color&quot;:{&quot;r&quot;:255,&quot;g&quot;:255,&quot;b&quot;:255,&quot;a&quot;:1},&quot;align&quot;:&quot;center&quot;},&quot;border&quot;:{&quot;radius&quot;:3},&quot;bgColor&quot;:{&quot;r&quot;:0,&quot;g&quot;:149,&quot;b&quot;:246,&quot;a&quot;:1},&quot;margin&quot;:{&quot;top&quot;:0,&quot;bottom&quot;:0,&quot;left&quot;:0,&quot;right&quot;:0},&quot;padding&quot;:{&quot;top&quot;:12,&quot;bottom&quot;:12,&quot;left&quot;:12,&quot;right&quot;:12},&quot;onHover&quot;:{&quot;text&quot;:{&quot;color&quot;:{&quot;r&quot;:255,&quot;g&quot;:255,&quot;b&quot;:255,&quot;a&quot;:1}},&quot;bgColor&quot;:{&quot;r&quot;:0,&quot;g&quot;:129,&quot;b&quot;:203,&quot;a&quot;:1}}},&quot;loadMoreBtnText&quot;:&quot;Load more&quot;,&quot;loadMoreBtnScroll&quot;:true,&quot;autoload&quot;:false,&quot;showFollowBtn&quot;:{&quot;desktop&quot;:false,&quot;phone&quot;:false,&quot;tablet&quot;:false},&quot;followBtnText&quot;:&quot;Follow on Instagram&quot;,&quot;followBtnDesign&quot;:{&quot;text&quot;:{&quot;color&quot;:{&quot;r&quot;:255,&quot;g&quot;:255,&quot;b&quot;:255,&quot;a&quot;:1},&quot;align&quot;:&quot;center&quot;},&quot;border&quot;:{&quot;radius&quot;:3},&quot;bgColor&quot;:{&quot;r&quot;:0,&quot;g&quot;:149,&quot;b&quot;:246,&quot;a&quot;:1},&quot;margin&quot;:{&quot;top&quot;:0,&quot;bottom&quot;:0,&quot;left&quot;:0,&quot;right&quot;:0},&quot;padding&quot;:{&quot;top&quot;:12,&quot;bottom&quot;:12,&quot;left&quot;:12,&quot;right&quot;:12},&quot;onHover&quot;:{&quot;text&quot;:{&quot;color&quot;:{&quot;r&quot;:255,&quot;g&quot;:255,&quot;b&quot;:255,&quot;a&quot;:1}},&quot;bgColor&quot;:{&quot;r&quot;:0,&quot;g&quot;:129,&quot;b&quot;:203,&quot;a&quot;:1}}},&quot;followBtnLocation&quot;:{&quot;desktop&quot;:&quot;header&quot;,&quot;phone&quot;:&quot;bottom&quot;},&quot;mediaType&quot;:&quot;all&quot;,&quot;hashtagWhitelist&quot;:[],&quot;hashtagBlacklist&quot;:[],&quot;captionWhitelist&quot;:[],&quot;captionBlacklist&quot;:[],&quot;hashtagWhitelistSettings&quot;:true,&quot;hashtagBlacklistSettings&quot;:true,&quot;captionWhitelistSettings&quot;:true,&quot;captionBlacklistSettings&quot;:true,&quot;moderation&quot;:[],&quot;moderationMode&quot;:&quot;blacklist&quot;,&quot;promosVersion&quot;:2,&quot;promosEnabled&quot;:true,&quot;globalPromosEnabled&quot;:true,&quot;autoPromosEnabled&quot;:true,&quot;promoOverrides&quot;:[],&quot;feedPromo&quot;:{&quot;linkSource&quot;:{&quot;type&quot;:null},&quot;linkBehavior&quot;:{&quot;openNewTab&quot;:false,&quot;showPopupBox&quot;:false},&quot;linkText&quot;:&quot;&quot;}}' \/>\n        <input type=\"hidden\" id=\"sli__a__e417f7e0\" data-json='[{&quot;id&quot;:358,&quot;type&quot;:&quot;PERSONAL&quot;,&quot;userId&quot;:&quot;17841446137611012&quot;,&quot;username&quot;:&quot;kulturinstitutmobil&quot;,&quot;bio&quot;:&quot;&quot;,&quot;customBio&quot;:&quot;&quot;,&quot;profilePicUrl&quot;:&quot;&quot;,&quot;customProfilePicUrl&quot;:&quot;&quot;,&quot;mediaCount&quot;:&quot;47&quot;,&quot;followersCount&quot;:&quot;0&quot;,&quot;usages&quot;:[]}]' \/>\n        <input type=\"hidden\" id=\"sli__m__e417f7e0\" data-json='[]' \/>\n        <\/code><\/p>\n\n\n\n<p>KIM - the KulturInstitutMobil is a mobile venue that promotes encounters, artistic work and joint reflection on the city at different locations in Berlin. KIM is actually a cargo bike that was converted into the KulturInstitutMobil in spring 2021 based on an idea by Gabriele Reuter from the ARRIVO BERLIN training workshop at Schlesische 27. It brings weatherproof, multifunctional furniture and is suitable for all kinds of cultural events and gatherings that take place in previously undeveloped places in the city. KIM is self-sufficient and capable of improvisation and can adapt perfectly to all circumstances of unplannability.<\/p>\n\n\n\n<div style=\"height:30px\" aria-hidden=\"true\" class=\"wp-block-spacer\"><\/div>\n\n\n\n<figure class=\"wp-block-image size-large\"><img loading=\"lazy\" decoding=\"async\" width=\"1280\" height=\"960\" src=\"https:\/\/kimkommt.files.wordpress.com\/2022\/02\/photo_2021-07-02_17-02-17.jpg?w=1024\" alt=\"\" class=\"wp-image-29\" srcset=\"https:\/\/kimkommt.de\/wp-content\/uploads\/2022\/02\/photo_2021-07-02_17-02-17.jpg 1280w, https:\/\/kimkommt.de\/wp-content\/uploads\/2022\/02\/photo_2021-07-02_17-02-17-300x225.jpg 300w, https:\/\/kimkommt.de\/wp-content\/uploads\/2022\/02\/photo_2021-07-02_17-02-17-1024x768.jpg 1024w, https:\/\/kimkommt.de\/wp-content\/uploads\/2022\/02\/photo_2021-07-02_17-02-17-768x576.jpg 768w\" sizes=\"auto, (max-width: 1280px) 100vw, 1280px\" \/><\/figure>\n\n\n\n<div style=\"height:30px\" aria-hidden=\"true\" class=\"wp-block-spacer\"><\/div>\n\n\n\n<h2 class=\"wp-block-heading\" id=\"wer-oder-was-ist-kim\">Who or what is KIM?<\/h2>\n\n\n\n<p>The aim of KIM is to keep popping up in new outdoor locations in the city, thereby anchoring cultural and artistic practice in urban space - institutionalising it, so to speak. So a KIM event leaves no visible traces, but something remains: every KIM event changes the place of the event through its actions and the relationships it creates - in the minds of the audience and with the actors on site. KIM creates space for culture in the city.<\/p>\n\n\n\n<div class=\"wp-block-columns is-layout-flex wp-container-core-columns-is-layout-28f84493 wp-block-columns-is-layout-flex\">\n<div class=\"wp-block-column is-layout-flow wp-block-column-is-layout-flow\">\n<figure class=\"wp-block-embed is-type-video is-provider-vimeo wp-block-embed-vimeo wp-embed-aspect-1-1 wp-has-aspect-ratio\"><div class=\"wp-block-embed__wrapper\">\n<iframe loading=\"lazy\" title=\"KIM is...\" src=\"https:\/\/player.vimeo.com\/video\/571146146?dnt=1&amp;app_id=122963\" width=\"500\" height=\"500\" frameborder=\"0\" allow=\"autoplay; fullscreen; picture-in-picture; clipboard-write\"><\/iframe>\n<\/div><\/figure>\n<\/div>\n\n\n\n<div class=\"wp-block-column is-layout-flow wp-block-column-is-layout-flow\">\n<figure class=\"wp-block-embed is-type-video is-provider-vimeo wp-block-embed-vimeo wp-embed-aspect-1-1 wp-has-aspect-ratio\"><div class=\"wp-block-embed__wrapper\">\n<iframe loading=\"lazy\" title=\"Introducing KIM - KulturInstitutMobil made at @Arrivo Werkstatt S27\" src=\"https:\/\/player.vimeo.com\/video\/568056576?dnt=1&amp;app_id=122963\" width=\"500\" height=\"500\" frameborder=\"0\" allow=\"autoplay; fullscreen; picture-in-picture; clipboard-write\"><\/iframe>\n<\/div><\/figure>\n<\/div>\n<\/div>\n\n\n\n<p>KIM is particularly pleased about how much energy, verve and enthusiasm the people from ARRIVO BERLIN have poured into the conversion. In the training workshops at Schlesische 27, refugees are prepared for vocational training in the trades. With creative ideas and practical solutions, they have turned KIM into a mobile cultural institute that is there for everyone.<\/p>","protected":false},"excerpt":{"rendered":"<p>KIM \u2013 das KulturInstitutMobil ist ein mobiler Veranstaltungsort, der an unterschiedlichen Orten von Berlin Begegnung, k\u00fcnstlerische Arbeit und gemeinsames Nachdenken \u00fcber Stadt f\u00f6rdert. KIM ist eigentlich ein Lastenrad, das nach einer Idee von Gabriele Reuter von der \u00dcbungswerkst\u00e4tte ARRIVO BERLIN in der Schlesischen 27 im Fr\u00fchling 2021 zum KulturInstitutMobil umgebaut wurde. Es bringt wetterfeste, multifunktionale [&hellip;]<\/p>","protected":false},"author":1,"featured_media":0,"parent":0,"menu_order":0,"comment_status":"closed","ping_status":"closed","template":"","meta":{"footnotes":""},"class_list":["post-6","page","type-page","status-publish","hentry"],"yoast_head":"<!-- This site is optimized with the Yoast SEO plugin v23.5 - https:\/\/yoast.com\/wordpress\/plugins\/seo\/ -->\n<title>Ein mobiles Kulturinstitut? | KIM - KulturInstitutMobil<\/title>\n<meta name=\"robots\" content=\"index, follow, max-snippet:-1, max-image-preview:large, max-video-preview:-1\" \/>\n<link rel=\"canonical\" href=\"https:\/\/kimkommt.de\/en\/\" \/>\n<meta property=\"og:locale\" content=\"en_GB\" \/>\n<meta property=\"og:type\" content=\"article\" \/>\n<meta property=\"og:title\" content=\"Ein mobiles Kulturinstitut? | KIM - KulturInstitutMobil\" \/>\n<meta property=\"og:description\" content=\"KIM \u2013 das KulturInstitutMobil ist ein mobiler Veranstaltungsort, der an unterschiedlichen Orten von Berlin Begegnung, k\u00fcnstlerische Arbeit und gemeinsames Nachdenken \u00fcber Stadt f\u00f6rdert. KIM ist eigentlich ein Lastenrad, das nach einer Idee von Gabriele Reuter von der \u00dcbungswerkst\u00e4tte ARRIVO BERLIN in der Schlesischen 27 im Fr\u00fchling 2021 zum KulturInstitutMobil umgebaut wurde. Es bringt wetterfeste, multifunktionale [&hellip;]\" \/>\n<meta property=\"og:url\" content=\"https:\/\/kimkommt.de\/en\/\" \/>\n<meta property=\"og:site_name\" content=\"KIM - KulturInstitutMobil\" \/>\n<meta property=\"article:publisher\" content=\"https:\/\/www.facebook.com\/kulturinstitutmobil\" \/>\n<meta property=\"article:modified_time\" content=\"2022-03-02T22:45:09+00:00\" \/>\n<meta property=\"og:image\" content=\"https:\/\/kimkommt.files.wordpress.com\/2022\/02\/photo_2021-07-02_17-02-17.jpg?w=1024\" \/>\n<meta name=\"twitter:card\" content=\"summary_large_image\" \/>\n<meta name=\"twitter:label1\" content=\"Estimated reading time\" \/>\n\t<meta name=\"twitter:data1\" content=\"2 minutes\" \/>\n<script type=\"application\/ld+json\" class=\"yoast-schema-graph\">{\"@context\":\"https:\/\/schema.org\",\"@graph\":[{\"@type\":\"WebPage\",\"@id\":\"https:\/\/kimkommt.de\/\",\"url\":\"https:\/\/kimkommt.de\/\",\"name\":\"Ein mobiles Kulturinstitut? | KIM - KulturInstitutMobil\",\"isPartOf\":{\"@id\":\"https:\/\/kimkommt.de\/#website\"},\"primaryImageOfPage\":{\"@id\":\"https:\/\/kimkommt.de\/#primaryimage\"},\"image\":{\"@id\":\"https:\/\/kimkommt.de\/#primaryimage\"},\"thumbnailUrl\":\"https:\/\/kimkommt.files.wordpress.com\/2022\/02\/photo_2021-07-02_17-02-17.jpg?w=1024\",\"datePublished\":\"2022-02-07T08:11:00+00:00\",\"dateModified\":\"2022-03-02T22:45:09+00:00\",\"breadcrumb\":{\"@id\":\"https:\/\/kimkommt.de\/#breadcrumb\"},\"inLanguage\":\"en-GB\",\"potentialAction\":[{\"@type\":\"ReadAction\",\"target\":[\"https:\/\/kimkommt.de\/\"]}]},{\"@type\":\"ImageObject\",\"inLanguage\":\"en-GB\",\"@id\":\"https:\/\/kimkommt.de\/#primaryimage\",\"url\":\"https:\/\/kimkommt.files.wordpress.com\/2022\/02\/photo_2021-07-02_17-02-17.jpg?w=1024\",\"contentUrl\":\"https:\/\/kimkommt.files.wordpress.com\/2022\/02\/photo_2021-07-02_17-02-17.jpg?w=1024\"},{\"@type\":\"BreadcrumbList\",\"@id\":\"https:\/\/kimkommt.de\/#breadcrumb\",\"itemListElement\":[{\"@type\":\"ListItem\",\"position\":1,\"name\":\"Startseite\",\"item\":\"https:\/\/kimkommt.de\/\"},{\"@type\":\"ListItem\",\"position\":2,\"name\":\"Ein mobiles Kulturinstitut?\"}]},{\"@type\":\"WebSite\",\"@id\":\"https:\/\/kimkommt.de\/#website\",\"url\":\"https:\/\/kimkommt.de\/\",\"name\":\"KIM - KulturInstitutMobil\",\"description\":\"KIM kommt!\",\"publisher\":{\"@id\":\"https:\/\/kimkommt.de\/#organization\"},\"potentialAction\":[{\"@type\":\"SearchAction\",\"target\":{\"@type\":\"EntryPoint\",\"urlTemplate\":\"https:\/\/kimkommt.de\/?s={search_term_string}\"},\"query-input\":{\"@type\":\"PropertyValueSpecification\",\"valueRequired\":true,\"valueName\":\"search_term_string\"}}],\"inLanguage\":\"en-GB\"},{\"@type\":\"Organization\",\"@id\":\"https:\/\/kimkommt.de\/#organization\",\"name\":\"KIM - KulturInstitutMobil GbR\",\"url\":\"https:\/\/kimkommt.de\/\",\"logo\":{\"@type\":\"ImageObject\",\"inLanguage\":\"en-GB\",\"@id\":\"https:\/\/kimkommt.de\/#\/schema\/logo\/image\/\",\"url\":\"http:\/\/kimkommt.de\/wp-content\/uploads\/2022\/03\/210422_KIM_Illu-Beutel_Zeichenfla\u0308che-1.png\",\"contentUrl\":\"http:\/\/kimkommt.de\/wp-content\/uploads\/2022\/03\/210422_KIM_Illu-Beutel_Zeichenfla\u0308che-1.png\",\"width\":2446,\"height\":2447,\"caption\":\"KIM - KulturInstitutMobil GbR\"},\"image\":{\"@id\":\"https:\/\/kimkommt.de\/#\/schema\/logo\/image\/\"},\"sameAs\":[\"https:\/\/www.facebook.com\/kulturinstitutmobil\",\"https:\/\/www.instagram.com\/kulturinstitutmobil\/\"]}]}<\/script>\n<!-- \/ Yoast SEO plugin. -->","yoast_head_json":{"title":"Ein mobiles Kulturinstitut? | KIM - KulturInstitutMobil","robots":{"index":"index","follow":"follow","max-snippet":"max-snippet:-1","max-image-preview":"max-image-preview:large","max-video-preview":"max-video-preview:-1"},"canonical":"https:\/\/kimkommt.de\/en\/","og_locale":"en_GB","og_type":"article","og_title":"Ein mobiles Kulturinstitut? | KIM - KulturInstitutMobil","og_description":"KIM \u2013 das KulturInstitutMobil ist ein mobiler Veranstaltungsort, der an unterschiedlichen Orten von Berlin Begegnung, k\u00fcnstlerische Arbeit und gemeinsames Nachdenken \u00fcber Stadt f\u00f6rdert. KIM ist eigentlich ein Lastenrad, das nach einer Idee von Gabriele Reuter von der \u00dcbungswerkst\u00e4tte ARRIVO BERLIN in der Schlesischen 27 im Fr\u00fchling 2021 zum KulturInstitutMobil umgebaut wurde. Es bringt wetterfeste, multifunktionale [&hellip;]","og_url":"https:\/\/kimkommt.de\/en\/","og_site_name":"KIM - KulturInstitutMobil","article_publisher":"https:\/\/www.facebook.com\/kulturinstitutmobil","article_modified_time":"2022-03-02T22:45:09+00:00","og_image":[{"url":"https:\/\/kimkommt.files.wordpress.com\/2022\/02\/photo_2021-07-02_17-02-17.jpg?w=1024"}],"twitter_card":"summary_large_image","twitter_misc":{"Estimated reading time":"2 minutes"},"schema":{"@context":"https:\/\/schema.org","@graph":[{"@type":"WebPage","@id":"https:\/\/kimkommt.de\/","url":"https:\/\/kimkommt.de\/","name":"Ein mobiles Kulturinstitut? | KIM - KulturInstitutMobil","isPartOf":{"@id":"https:\/\/kimkommt.de\/#website"},"primaryImageOfPage":{"@id":"https:\/\/kimkommt.de\/#primaryimage"},"image":{"@id":"https:\/\/kimkommt.de\/#primaryimage"},"thumbnailUrl":"https:\/\/kimkommt.files.wordpress.com\/2022\/02\/photo_2021-07-02_17-02-17.jpg?w=1024","datePublished":"2022-02-07T08:11:00+00:00","dateModified":"2022-03-02T22:45:09+00:00","breadcrumb":{"@id":"https:\/\/kimkommt.de\/#breadcrumb"},"inLanguage":"en-GB","potentialAction":[{"@type":"ReadAction","target":["https:\/\/kimkommt.de\/"]}]},{"@type":"ImageObject","inLanguage":"en-GB","@id":"https:\/\/kimkommt.de\/#primaryimage","url":"https:\/\/kimkommt.files.wordpress.com\/2022\/02\/photo_2021-07-02_17-02-17.jpg?w=1024","contentUrl":"https:\/\/kimkommt.files.wordpress.com\/2022\/02\/photo_2021-07-02_17-02-17.jpg?w=1024"},{"@type":"BreadcrumbList","@id":"https:\/\/kimkommt.de\/#breadcrumb","itemListElement":[{"@type":"ListItem","position":1,"name":"Startseite","item":"https:\/\/kimkommt.de\/"},{"@type":"ListItem","position":2,"name":"Ein mobiles Kulturinstitut?"}]},{"@type":"WebSite","@id":"https:\/\/kimkommt.de\/#website","url":"https:\/\/kimkommt.de\/","name":"KIM - KulturInstitutMobil","description":"KIM kommt!","publisher":{"@id":"https:\/\/kimkommt.de\/#organization"},"potentialAction":[{"@type":"SearchAction","target":{"@type":"EntryPoint","urlTemplate":"https:\/\/kimkommt.de\/?s={search_term_string}"},"query-input":{"@type":"PropertyValueSpecification","valueRequired":true,"valueName":"search_term_string"}}],"inLanguage":"en-GB"},{"@type":"Organization","@id":"https:\/\/kimkommt.de\/#organization","name":"KIM - KulturInstitutMobil GbR","url":"https:\/\/kimkommt.de\/","logo":{"@type":"ImageObject","inLanguage":"en-GB","@id":"https:\/\/kimkommt.de\/#\/schema\/logo\/image\/","url":"http:\/\/kimkommt.de\/wp-content\/uploads\/2022\/03\/210422_KIM_Illu-Beutel_Zeichenfla\u0308che-1.png","contentUrl":"http:\/\/kimkommt.de\/wp-content\/uploads\/2022\/03\/210422_KIM_Illu-Beutel_Zeichenfla\u0308che-1.png","width":2446,"height":2447,"caption":"KIM - KulturInstitutMobil GbR"},"image":{"@id":"https:\/\/kimkommt.de\/#\/schema\/logo\/image\/"},"sameAs":["https:\/\/www.facebook.com\/kulturinstitutmobil","https:\/\/www.instagram.com\/kulturinstitutmobil\/"]}]}},"_links":{"self":[{"href":"https:\/\/kimkommt.de\/en\/wp-json\/wp\/v2\/pages\/6","targetHints":{"allow":["GET"]}}],"collection":[{"href":"https:\/\/kimkommt.de\/en\/wp-json\/wp\/v2\/pages"}],"about":[{"href":"https:\/\/kimkommt.de\/en\/wp-json\/wp\/v2\/types\/page"}],"author":[{"embeddable":true,"href":"https:\/\/kimkommt.de\/en\/wp-json\/wp\/v2\/users\/1"}],"replies":[{"embeddable":true,"href":"https:\/\/kimkommt.de\/en\/wp-json\/wp\/v2\/comments?post=6"}],"version-history":[{"count":9,"href":"https:\/\/kimkommt.de\/en\/wp-json\/wp\/v2\/pages\/6\/revisions"}],"predecessor-version":[{"id":474,"href":"https:\/\/kimkommt.de\/en\/wp-json\/wp\/v2\/pages\/6\/revisions\/474"}],"wp:attachment":[{"href":"https:\/\/kimkommt.de\/en\/wp-json\/wp\/v2\/media?parent=6"}],"curies":[{"name":"wp","href":"https:\/\/api.w.org\/{rel}","templated":true}]}}